{"id":6145,"date":"2023-10-11T16:08:39","date_gmt":"2023-10-11T16:08:39","guid":{"rendered":"https:\/\/www.merck.ca\/fr\/?page_id=6145"},"modified":"2026-03-20T13:03:01","modified_gmt":"2026-03-20T13:03:01","slug":"carrieres","status":"publish","type":"page","link":"https:\/\/www.merck.ca\/fr\/carrieres\/","title":{"rendered":"Carri\u00e8res"},"content":{"rendered":"\n<div id=\"mco-b2-hero-block-block_ea2a62ea3373738eab97fbe1931aedea\" class=\"mco-b2-hero-block full mccberg-block mb-2\">\n    <div class=\"mco-b2-hero-block-wrapper\">\n        <div class=\"mco-b2-hero-block-image-section \">\n\n                            <div class=\"mco-b2-hero-block-image-container \">\n                    <picture >\n\t<source media=\"(max-width: 767px)\" data-srcset=\"https:\/\/www.merck.ca\/fr\/wp-content\/uploads\/sites\/83\/2025\/08\/AdobeStock_637047853.jpeg?w=768\" srcset=\"https:\/\/www.merck.ca\/fr\/wp-content\/uploads\/sites\/83\/2025\/08\/AdobeStock_637047853.jpeg?w=768\" >\n<source media=\"(min-width: 768px) and (max-width: 1199px)\" data-srcset=\"https:\/\/www.merck.ca\/fr\/wp-content\/uploads\/sites\/83\/2025\/08\/AdobeStock_637047853.jpeg?h=768\" srcset=\"https:\/\/www.merck.ca\/fr\/wp-content\/uploads\/sites\/83\/2025\/08\/AdobeStock_637047853.jpeg?h=768\" >\n<source media=\"(min-width: 1200px) and (max-width: 1919px)\" data-srcset=\"https:\/\/www.merck.ca\/fr\/wp-content\/uploads\/sites\/83\/2025\/08\/AdobeStock_637047853.jpeg?w=1200\" srcset=\"https:\/\/www.merck.ca\/fr\/wp-content\/uploads\/sites\/83\/2025\/08\/AdobeStock_637047853.jpeg?w=1200\" >\n<source media=\"(min-width: 1920px)\" data-srcset=\"https:\/\/www.merck.ca\/fr\/wp-content\/uploads\/sites\/83\/2025\/08\/AdobeStock_637047853.jpeg?w=1920\" srcset=\"https:\/\/www.merck.ca\/fr\/wp-content\/uploads\/sites\/83\/2025\/08\/AdobeStock_637047853.jpeg?w=1920\" >\n\t<img data-src=\"https:\/\/www.merck.ca\/fr\/wp-content\/uploads\/sites\/83\/2025\/08\/AdobeStock_637047853.jpeg?w=1920\" alt=\" Femme souriante dans un cadre professionnel menant un entretien ou une r\u00e9union de l\u2019autre c\u00f4t\u00e9 d\u2019un bureau avec une autre personne.\" class=\"eager \" loading=\"eager\" \/>\n<\/picture>                                    <\/div>\n                        <div class=\"mco-b2-hero-block-image-container-two\">\n                            <\/div>\n        <\/div>\n\n        <div class=\"mco-b2-hero-block-content-section\">\n                        \n                            <h1>Bienvenue dans une carri\u00e8re inspirante<\/h1>\n            \n            \n                    <\/div>\n    <\/div>\n\n    \n<\/div>\n\n\n\n<style>\n.mb-0 {margin-bottom: 0 !important;}\n.mt-0 {margin-top: 0 !important;}\n.mx-auto { margin: 0 auto !important; }\n.teal {background: rgba(110, 206, 178, 0.1); padding: 4rem 0 0.5rem; }\n.mteal {background: #00857C; color: #fff; }\n.white, .white a {color: #fff !important; }\n.merckteal { color: #00857C; }\n.stat-block-top { position: relative; z-index: -1; padding: 2rem 2rem 8rem; background: #00857c; color: #fff; margin-bottom: -9rem;}\n.stat-block { background: #fff; color: #000}\n.mcc-cta-block.negative { background: transparent !important; padding: 0 !important; }\n\n.b6-accordion-list-item { background: #f7f7f7; margin-bottom: 0.5rem; padding: 0 1.5rem; }\n.b6-accordion-list-item hr { display: none; }\n.b6-accordion-list-item summary:before { right: 1.25rem; }\n<\/style>\n\n\n\n<div class=\"wp-block-columns is-layout-flex wp-container-core-columns-is-layout-9d6595d7 wp-block-columns-is-layout-flex\">\n<div class=\"wp-block-column full mteal is-layout-flow wp-block-column-is-layout-flow\">\n<div class=\"wp-block-columns are-vertically-aligned-center wrapper mx-auto is-layout-flex wp-container-core-columns-is-layout-9d6595d7 wp-block-columns-is-layout-flex\">\n<div class=\"wp-block-column is-vertically-aligned-center is-layout-flow wp-block-column-is-layout-flow\" style=\"flex-basis:75%\">\n<h2 class=\"wp-block-heading\">Ayez un impact \u00e0 l\u2019\u00e9chelle mondiale \u00e0 travers une pl\u00e9thore de domaines professionnels<\/h2>\n\n\n\n<h2 class=\"wp-block-heading\"><a href=\"https:\/\/jobs.merck.com\/us\/en\/c\/research-development-jobs\"><\/a><\/h2>\n<\/div>\n\n\n\n<div class=\"wp-block-column is-vertically-aligned-center is-layout-flow wp-block-column-is-layout-flow\">\n    <div id=\"mcc-cta-block-block_b9e213faafc2c25358e73762154528a8\" class=\"mcc-cta-block mccberg-block justify-center negative\">\n                    <a\n                    class=\"mcc-cta-block-cta-btn btn primary\"\n                    href=\"https:\/\/jobs.merck.com\/ca\/fr\/search-results?qcountry=Canada\"\n                    title=\"Recherche d\u2019emplois\"\n                    target=\"_blank\"\n\t                            >Recherche d\u2019emplois<\/a>\n        \n            <\/div>\n\n<\/div>\n<\/div>\n<\/div>\n<\/div>\n\n\n\n<div style=\"height:2rem\" aria-hidden=\"true\" class=\"wp-block-spacer\"><\/div>\n\n\n\n<h2 class=\"wp-block-heading has-text-align-center\">Lorsque votre m\u00e9tier consiste \u00e0 aider \u00e0 sauver et \u00e0 am\u00e9liorer des vies\u2026<\/h2>\n\n\n\n<p class=\"has-text-align-center\">Imaginez que vous vous leviez le matin pour un travail aussi important que celui de contribuer \u00e0 sauver et \u00e0 am\u00e9liorer des vies dans le monde entier. Ici, vous avez cette possibilit\u00e9. Vous pouvez mettre votre empathie, votre cr\u00e9ativit\u00e9, votre ma\u00eetrise du num\u00e9rique ou votre g\u00e9nie scientifique au service d\u2019une collaboration avec d\u2019autres coll\u00e8gues partageant les m\u00eames id\u00e9es dans le but d\u2019apporter de l\u2019espoir \u00e0 d\u2019innombrables personnes qui luttent contre les maladies les plus difficiles de notre \u00e9poque. Notre \u00e9quipe est en constante \u00e9volution, alors si vous faites partie des personnes intellectuellement curieuses, joignez-vous \u00e0 nous et commencez \u00e0 agir d\u00e8s aujourd\u2019hui.<\/p>\n\n\n\n<div style=\"height:2rem\" aria-hidden=\"true\" class=\"wp-block-spacer\"><\/div>\n\n\n\n<div class=\"wp-block-columns is-layout-flex wp-container-core-columns-is-layout-9d6595d7 wp-block-columns-is-layout-flex\">\n<div class=\"wp-block-column is-layout-flow wp-block-column-is-layout-flow\">\n<h2 class=\"wp-block-heading has-text-align-center\">Notre entreprise en chiffres<\/h2>\n\n\n\n<div class=\"wp-block-columns stat-block wrapper mb-0 is-layout-flex wp-container-core-columns-is-layout-9d6595d7 wp-block-columns-is-layout-flex\">\n<div class=\"wp-block-column is-layout-flow wp-block-column-is-layout-flow\"><div id=\"stat-block-block_e2161ff67b669e424bd8b90eba26b549\" class=\"stat-block mccberg-block\">\n    <div class=\"stat-block-content  \">\n\n        \n        <div class=\"stat-block-statistic\">&gt; 800<\/div>\n\n        <div class=\"stat-block-tablet-wrapper\">\n                        <p class=\"stat-block-description\">Employ\u00e9s au Canada<\/p>\n            \n                    <\/div>\n\n    <\/div>\n<\/div><\/div>\n\n\n\n<div class=\"wp-block-column is-layout-flow wp-block-column-is-layout-flow\"><div id=\"stat-block-block_3f09e60b2880f37839eabaab70b3d441\" class=\"stat-block mccberg-block\">\n    <div class=\"stat-block-content  \">\n\n        \n        <div class=\"stat-block-statistic\">&gt;110 M$<\/div>\n\n        <div class=\"stat-block-tablet-wrapper\">\n                        <p class=\"stat-block-description\">Investissements en recherche et d\u00e9veloppement au Canada en 2023<\/p>\n            \n                    <\/div>\n\n    <\/div>\n<\/div><\/div>\n\n\n\n<div class=\"wp-block-column is-layout-flow wp-block-column-is-layout-flow\"><div id=\"stat-block-block_7cce0ab343c45c9bceed2b8bff74416d\" class=\"stat-block mccberg-block\">\n    <div class=\"stat-block-content  \">\n\n        \n        <div class=\"stat-block-statistic\">3,6 G$<\/div>\n\n        <div class=\"stat-block-tablet-wrapper\">\n                        <p class=\"stat-block-description\">D\u00e9penses avec de petits fournisseurs diversifi\u00e9s de niveau 1 et 2 \u00e0 l\u2019\u00e9chelle mondiale en 2023<\/p>\n            \n                    <\/div>\n\n    <\/div>\n<\/div><\/div>\n<\/div>\n\n\n\n<p class=\"has-text-align-center\">Nous sommes une soci\u00e9t\u00e9, mais nous op\u00e9rons sous deux marques diff\u00e9rentes. Nous sommes connus sous le nom de Merck &amp; Co, Inc., Rahway (New Jersey, \u00c9.-U.) aux \u00c9tats-Unis, au Canada et \u00e0 Porto Rico. Partout ailleurs, nous sommes connus sous le nom de MSD.<\/p>\n<\/div>\n<\/div>\n\n\n\n<div class=\"wp-block-columns is-layout-flex wp-container-core-columns-is-layout-9d6595d7 wp-block-columns-is-layout-flex\">\n<div class=\"wp-block-column full mteal is-layout-flow wp-block-column-is-layout-flow\">\n<h2 class=\"wp-block-heading has-text-align-center\">D\u00e9couvrez les divisions qui contribuent \u00e0 sauver et \u00e0 am\u00e9liorer des vies<\/h2>\n\n\n\n<div class=\"wp-block-columns wrapper is-layout-flex wp-container-core-columns-is-layout-9d6595d7 wp-block-columns-is-layout-flex\">\n<div class=\"wp-block-column is-layout-flow wp-block-column-is-layout-flow\"><div class=\"wp-block-image\">\n<figure class=\"aligncenter size-large is-resized\"><a href=\"https:\/\/jobs.merck.com\/us\/en\/research-laboratories\"><img decoding=\"async\" src=\"https:\/\/www.merck.ca\/en\/wp-content\/uploads\/sites\/20\/2023\/05\/Icon_Scientist_80-1605562737896-Large.png?w=80\" alt=\"Ic\u00f4ne de scientifique avec blouse et b\u00e9cher, symbolisant la recherche et l\u2019innovation.\" class=\"wp-image-8443\" style=\"width:80px;height:80px\"\/><\/a><\/figure><\/div>\n\n\n<h5 class=\"wp-block-heading has-text-align-center white mb-0\"><a href=\"https:\/\/jobs.merck.com\/ca\/fr\/research-development\" target=\"_blank\" rel=\"noreferrer noopener\">Recherche et d\u00e9veloppement<\/a><\/h5>\n\n\n\n    <div id=\"mcc-cta-block-block_4a12474436420b7e2efcffe7740e95dd\" class=\"mcc-cta-block mccberg-block justify-center negative\">\n                    <a\n                    class=\"mcc-cta-block-cta-btn btn secondary\"\n                    href=\"https:\/\/jobs.merck.com\/ca\/fr\/research-development\"\n                    title=\"En savoir plus\"\n                    target=\"_blank\"\n\t                            >En savoir plus<\/a>\n        \n            <\/div>\n\n<\/div>\n\n\n\n<div class=\"wp-block-column is-layout-flow wp-block-column-is-layout-flow\"><div class=\"wp-block-image\">\n<figure class=\"aligncenter size-full\"><a href=\"https:\/\/jobs.merck.com\/us\/en\/manufacturing\"><img decoding=\"async\" src=\"https:\/\/www.merck.ca\/en\/wp-content\/uploads\/sites\/20\/2023\/05\/Icon_Goggles_80-1605562736410.png\" alt=\"Ic\u00f4ne de lunettes de protection\" class=\"wp-image-8458\"\/><\/a><\/figure><\/div>\n\n\n<h5 class=\"wp-block-heading has-text-align-center white mb-0\"><a href=\"https:\/\/jobs.merck.com\/ca\/fr\/manufacturing-supply\" target=\"_blank\" rel=\"noreferrer noopener\">Fabrication et approvisionnement<\/a><\/h5>\n\n\n\n    <div id=\"mcc-cta-block-block_8dda3a9ff20f483cad5f4a3b34932973\" class=\"mcc-cta-block mccberg-block justify-center negative\">\n                    <a\n                    class=\"mcc-cta-block-cta-btn btn secondary\"\n                    href=\"https:\/\/jobs.merck.com\/ca\/fr\/manufacturing-supply\"\n                    title=\"En savoir plus\"\n                    target=\"_blank\"\n\t                            >En savoir plus<\/a>\n        \n            <\/div>\n\n<\/div>\n\n\n\n<div class=\"wp-block-column is-layout-flow wp-block-column-is-layout-flow\"><div class=\"wp-block-image\">\n<figure class=\"aligncenter size-full\"><a href=\"https:\/\/jobs.merck.com\/us\/en\/human-health\"><img decoding=\"async\" src=\"https:\/\/www.merck.ca\/en\/wp-content\/uploads\/sites\/20\/2023\/05\/Icon_Prevention_80-1605562737436.png\" alt=\"Ic\u00f4ne de bouclier avec croix m\u00e9dicale\" class=\"wp-image-8459\"\/><\/a><\/figure><\/div>\n\n\n<h5 class=\"wp-block-heading has-text-align-center white mb-0\"><a href=\"https:\/\/jobs.merck.com\/ca\/fr\/human-health\" target=\"_blank\" rel=\"noreferrer noopener nofollow\">Sant\u00e9 humaine<\/a><\/h5>\n\n\n\n    <div id=\"mcc-cta-block-block_5f80486e6af702fc29c5c9857b0822d1\" class=\"mcc-cta-block mccberg-block justify-center negative\">\n                    <a\n                    class=\"mcc-cta-block-cta-btn btn secondary\"\n                    href=\"https:\/\/jobs.merck.com\/ca\/fr\/human-health\"\n                    title=\"En savoir plus\"\n                    target=\"_blank\"\n\t                            >En savoir plus<\/a>\n        \n            <\/div>\n\n<\/div>\n\n\n\n<div class=\"wp-block-column is-layout-flow wp-block-column-is-layout-flow\"><div class=\"wp-block-image\">\n<figure class=\"aligncenter size-full\"><a href=\"https:\/\/jobs.merck.com\/us\/en\/animal-health\"><img decoding=\"async\" src=\"https:\/\/www.merck.ca\/en\/wp-content\/uploads\/sites\/20\/2023\/05\/Icon_Feline_80-1605562735859.png\" alt=\"Ic\u00f4ne d\u2019un chat assis en silhouette\" class=\"wp-image-8460\"\/><\/a><\/figure><\/div>\n\n\n<h5 class=\"wp-block-heading has-text-align-center white mb-0\"><a href=\"https:\/\/jobs.merck.com\/ca\/fr\/animal-health\" target=\"_blank\" rel=\"noreferrer noopener\">Sant\u00e9&nbsp;animale<\/a><\/h5>\n\n\n\n    <div id=\"mcc-cta-block-block_e37351abf44d36139006a8e599cad7e6\" class=\"mcc-cta-block mccberg-block justify-center negative\">\n                    <a\n                    class=\"mcc-cta-block-cta-btn btn secondary\"\n                    href=\"https:\/\/jobs.merck.com\/ca\/fr\/animal-health\"\n                    title=\"En savoir plus\"\n                    target=\"_blank\"\n\t                            >En savoir plus<\/a>\n        \n            <\/div>\n\n<\/div>\n\n\n\n<div class=\"wp-block-column is-layout-flow wp-block-column-is-layout-flow\"><div class=\"wp-block-image\">\n<figure class=\"aligncenter size-large\"><a href=\"https:\/\/jobs.merck.com\/us\/en\/global-support-functions\"><img decoding=\"async\" src=\"https:\/\/www.merck.ca\/en\/wp-content\/uploads\/sites\/20\/2023\/05\/Icon_Office_80-1605562736874.png?w=80\" alt=\"Ic\u00f4ne d\u2019un immeuble de bureaux en hauteur\" class=\"wp-image-8461\"\/><\/a><\/figure><\/div>\n\n\n<h5 class=\"wp-block-heading has-text-align-center white mb-0\"><a href=\"https:\/\/jobs.merck.com\/ca\/fr\/global-support-functions\" target=\"_blank\" rel=\"noreferrer noopener\">Services de soutien mondiaux<\/a><\/h5>\n\n\n\n    <div id=\"mcc-cta-block-block_ed437a84a18eefeeb5f140b2d930a983\" class=\"mcc-cta-block mccberg-block justify-center negative\">\n                    <a\n                    class=\"mcc-cta-block-cta-btn btn secondary\"\n                    href=\"https:\/\/jobs.merck.com\/ca\/fr\/global-support-functions\"\n                    title=\"En savoir plus\"\n                    target=\"_blank\"\n\t                            >En savoir plus<\/a>\n        \n            <\/div>\n\n<\/div>\n<\/div>\n<\/div>\n<\/div>\n\n\n\n<h2 class=\"wp-block-heading has-text-align-center\">Nos employ\u00e9s<\/h2>\n\n\n\n<p class=\"has-text-align-center\">Nos employ\u00e9s sont essentiels \u00e0 notre objectif&nbsp;: sauver et am\u00e9liorer des vies partout dans le monde. Parce que nos employ\u00e9s sont notre plus grand atout, nous leur donnons les moyens d\u2019agir et les soutenons dans leur vie professionnelle et personnelle.<\/p>\n\n\n\n<p style=\"text-align: center; font-size: 20px\" class=\"aligncenter mb-20\">Visionnez <a href=\"https:\/\/www.merck.ca\/fr\/accueil\/videos-de-nos-employes\/\"><strong>les vid\u00e9os de nos employ\u00e9s ici<\/strong><\/a><\/p>\n\n\n\n<div class=\"wp-block-columns are-vertically-aligned-center is-layout-flex wp-container-core-columns-is-layout-9d6595d7 wp-block-columns-is-layout-flex\">\n<div class=\"wp-block-column is-layout-flow wp-block-column-is-layout-flow\"><\/div>\n\n\n\n<div class=\"wp-block-column is-layout-flow wp-block-column-is-layout-flow\"><\/div>\n<\/div>\n\n\n\n<div class=\"wp-block-columns is-layout-flex wp-container-core-columns-is-layout-9d6595d7 wp-block-columns-is-layout-flex\">\n<div class=\"wp-block-column full teal is-layout-flow wp-block-column-is-layout-flow\">\n<h2 class=\"wp-block-heading wrapper\">En tant que leader de l\u2019industrie biopharmaceutique, nous nous concentrons sur l\u2019innovation scientifique pour fournir des m\u00e9dicaments et des vaccins qui ont le potentiel d\u2019aider des millions de personnes dans le monde.<\/h2>\n\n\n\n<div id=\"mco-three-column-content-block-block_963e920c0c7520677261178799e20daa\"\n     class=\"mco-three-column-content-block mccberg-block wrapper\">\n\n\t\n    <div class=\"mco-three-column-content-columns-container\">\n\n                <div class=\"mco-three-column-content-column\"\n             role=\"link\" data-href=\"https:\/\/www.merck.ca\/fr\/carrieres\/primes-avantages-sociaux-et-bien-etre\/\" data-target=\"\" style=\"cursor: pointer;\" title=\"https:\/\/www.merck.ca\/fr\/carrieres\/primes-avantages-sociaux-et-bien-etre\/\"        >\n                        <div class=\"mco-three-column-content-col-img-container\">\n            <div class=\"mco-three-column-content-col-img\">\n                <picture>\n                    <source media=\"(max-width: 767px)\"\n                            data-srcset=\"https:\/\/www.merck.ca\/fr\/wp-content\/uploads\/sites\/83\/2025\/08\/AdobeStock_1505224605.jpeg?resize=767,469\">\n                    <source media=\"(min-width: 768px) and (max-width: 1199px)\"\n                            data-srcset=\"https:\/\/www.merck.ca\/fr\/wp-content\/uploads\/sites\/83\/2025\/08\/AdobeStock_1505224605.jpeg?resize=314,280\">\n                    <source media=\"(min-width: 1200px)\"\n                            data-srcset=\"https:\/\/www.merck.ca\/fr\/wp-content\/uploads\/sites\/83\/2025\/08\/AdobeStock_1505224605.jpeg?resize=404,268\">\n                    <img\n                        data-src=\"https:\/\/www.merck.ca\/fr\/wp-content\/uploads\/sites\/83\/2025\/08\/AdobeStock_1505224605.jpeg?resize=404,268\"\n                        class=\"lazyload\"\n                        loading=\"lazy\"\n                        alt=\"\"\n                            \/>\n                <\/picture>\n            <\/div>\n        <\/div>\n\n                            <div class=\"mco-three-column-content-col-content-container\">\n            \n                            <h3>Primes, avantages sociaux et bien-\u00eatre<\/h3>\n            \n                            <p class=\"mco-three-column-content-col-description\">Nos employ\u00e9s se concentrent sur l\u2019innovation scientifique pour fournir des m\u00e9dicaments, des vaccins et des solutions qui pourraient aider des millions de personnes dans le monde. En retour, notre programme d\u2019avantages sociaux et de bien-\u00eatre offre une r\u00e9mun\u00e9ration, des programmes d\u2019avantages sociaux et des ressources qui soutiennent leur bien-\u00eatre professionnel et personnel.<\/p>\n            \n                    <\/div>\n                <\/div>\n    \n                <div class=\"mco-three-column-content-column\"\n             role=\"link\" data-href=\"https:\/\/www.merck.ca\/fr\/apercu-de-lentreprise\/diversite-et-inclusion\/\" data-target=\"\" style=\"cursor: pointer;\" title=\"https:\/\/www.merck.ca\/fr\/apercu-de-lentreprise\/diversite-et-inclusion\/\"        >\n                        <div class=\"mco-three-column-content-col-img-container\">\n            <div class=\"mco-three-column-content-col-img\">\n                <picture>\n                    <source media=\"(max-width: 767px)\"\n                            data-srcset=\"https:\/\/www.merck.ca\/fr\/wp-content\/uploads\/sites\/83\/2025\/08\/AdobeStock_268329697.jpeg?resize=767,469\">\n                    <source media=\"(min-width: 768px) and (max-width: 1199px)\"\n                            data-srcset=\"https:\/\/www.merck.ca\/fr\/wp-content\/uploads\/sites\/83\/2025\/08\/AdobeStock_268329697.jpeg?resize=314,280\">\n                    <source media=\"(min-width: 1200px)\"\n                            data-srcset=\"https:\/\/www.merck.ca\/fr\/wp-content\/uploads\/sites\/83\/2025\/08\/AdobeStock_268329697.jpeg?resize=404,268\">\n                    <img\n                        data-src=\"https:\/\/www.merck.ca\/fr\/wp-content\/uploads\/sites\/83\/2025\/08\/AdobeStock_268329697.jpeg?resize=404,268\"\n                        class=\"lazyload\"\n                        loading=\"lazy\"\n                        alt=\"\"\n                            \/>\n                <\/picture>\n            <\/div>\n        <\/div>\n\n                            <div class=\"mco-three-column-content-col-content-container\">\n            \n                            <h3>Diversit\u00e9, \u00e9quit\u00e9 et inclusion<\/h3>\n            \n                            <p class=\"mco-three-column-content-col-description\">La diversit\u00e9 ne fait pas que du bien, c\u2019est aussi un atout. C\u2019est fondamental pour notre fonctionnement. Ici, vous \u00eates reconnu et habilit\u00e9 \u00e0 \u00eatre vous-m\u00eame, \u00e0 faire part de vos id\u00e9es, et \u00e0 nous pousser dans une autre direction. Nous sommes tous des inventeurs, et la diversit\u00e9 des points de vue accro\u00eet notre empathie et notre cr\u00e9ativit\u00e9.<\/p>\n            \n                    <\/div>\n                <\/div>\n    \n                <div class=\"mco-three-column-content-column\"\n             role=\"link\" data-href=\"https:\/\/www.merck.ca\/fr\/carrieres\/etudiants-et-debut-de-carriere\/\" data-target=\"\" style=\"cursor: pointer;\" title=\"https:\/\/www.merck.ca\/fr\/carrieres\/etudiants-et-debut-de-carriere\/\"        >\n                        <div class=\"mco-three-column-content-col-img-container\">\n            <div class=\"mco-three-column-content-col-img\">\n                <picture>\n                    <source media=\"(max-width: 767px)\"\n                            data-srcset=\"https:\/\/www.merck.ca\/fr\/wp-content\/uploads\/sites\/83\/2025\/08\/AdobeStock_1428405554.jpeg?resize=767,469\">\n                    <source media=\"(min-width: 768px) and (max-width: 1199px)\"\n                            data-srcset=\"https:\/\/www.merck.ca\/fr\/wp-content\/uploads\/sites\/83\/2025\/08\/AdobeStock_1428405554.jpeg?resize=314,280\">\n                    <source media=\"(min-width: 1200px)\"\n                            data-srcset=\"https:\/\/www.merck.ca\/fr\/wp-content\/uploads\/sites\/83\/2025\/08\/AdobeStock_1428405554.jpeg?resize=404,268\">\n                    <img\n                        data-src=\"https:\/\/www.merck.ca\/fr\/wp-content\/uploads\/sites\/83\/2025\/08\/AdobeStock_1428405554.jpeg?resize=404,268\"\n                        class=\"lazyload\"\n                        loading=\"lazy\"\n                        alt=\"\"\n                            \/>\n                <\/picture>\n            <\/div>\n        <\/div>\n\n                            <div class=\"mco-three-column-content-col-content-container\">\n            \n                            <h3>\u00c9tudiants et d\u00e9but de carri\u00e8re<\/h3>\n            \n                            <p class=\"mco-three-column-content-col-description\">Dans un monde d\u2019innovation rapide, nous avons besoin d\u2019esprits brillants pour avoir un impact dans tous les aspects de notre entreprise, permettant ainsi des perc\u00e9es qui auront une incidence sur les g\u00e9n\u00e9rations \u00e0 venir. Faites profiter notre organisation de votre r\u00e9flexion diversifi\u00e9e et ayez un effet r\u00e9el dans la sant\u00e9 et le bien-\u00eatre des gens et des animaux.<\/p>\n            \n                    <\/div>\n                <\/div>\n    \n\n    <\/div>\n<\/div>\n<\/div>\n<\/div>\n\n\n\n<h2 class=\"wp-block-heading has-text-align-center\">Notre processus d\u2019embauche<\/h2>\n\n\n\n<p class=\"has-text-align-center\">Nous sommes conscients que le choix d\u2019un nouvel employeur est un \u00e9v\u00e9nement majeur qui change la vie. \u00c0 un certain moment, accepter un nouvel emploi n\u00e9cessite un acte de foi et vous prendrez probablement votre d\u00e9cision en fonction de votre intuition (\u00ab&nbsp;ressenti&nbsp;\u00bb) qui vous permettra de juger si nous pouvons vous offrir un environnement inspirant, une culture stimulante, l\u2019apprentissage, la croissance et les possibilit\u00e9s de carri\u00e8re.<\/p>\n\n\n\n<p class=\"has-text-align-center\">Nous accordons une grande attention \u00e0 notre processus d\u2019embauche pour s\u00e9lectionner des personnes diversifi\u00e9es qui nous aideront dans notre mission consistant \u00e0 d\u00e9couvrir, \u00e0 mettre au point et \u00e0 fournir des produits et services innovants qui sauvent et am\u00e9liorent des vies partout dans le monde. Voici quelques conseils pour vous aider \u00e0 naviguer dans notre processus d\u2019embauche et pour faire un choix de carri\u00e8re \u00e9clair\u00e9e.<\/p>\n\n\n\n<div data-type=\"multiple\" itemscope itemtype=\"https:\/\/schema.org\/FAQPage\" id=\"accordion_list_block_6991a31e4123c0ab49d9cc6070469e11\" class=\"b6-accordion-list mccberg-block mt-0\">\n    \n    <div class=\"b6-accordion-list-block-heading\">\n        <h2>\n            <span><\/span>\n        <\/h2>\n                    <button\n                class=\"btn tertiary b6-accordion-list-toggle-expand\"\n                data-open-text=\"Expand all\"\n                data-close-text=\"Close all\"\n                aria-label=\"Expand all\"\n            >\n                <span class=\"open-text\">Expand all<\/span>\n                <span class=\"close-text\">Close all<\/span>\n            <\/button>\n            <\/div>\n\n                        <div itemscope itemprop=\"mainEntity\" itemtype=\"https:\/\/schema.org\/Question\" class=\"b6-accordion-list-item\">\n                <details  id=\"mcc_details_id_1\" class=\"b6-accordion-list-item-details\">\n                    <summary itemprop=\"name\"  class=\"b6-accordion-list-item-summary\">\n                        <h5 class= 'b6-accordion-list-item-summary-heading'>Explorez notre entreprise et notre culture<\/h5>                    <\/summary>\n                    <div itemscope itemprop=\"acceptedAnswer\" itemtype=\"https:\/\/schema.org\/Answer\"  class=\"b6-accordion-list-item-content\">\n                        <div itemprop=\"text\" ><p><span style=\"font-weight: 400;\">Avant de postuler, d\u00e9couvrez qui nous sommes et assurez-vous que nous vous convenons. Il<br \/>\nest important que notre mission corresponde \u00e0 vos valeurs et que notre culture concorde avec la v\u00f4tre.<\/span><\/p>\n<ul>\n<li><a href=\"http:\/\/www.merck.ca\/fr\/\"><span style=\"font-weight: 400;\">Site Web<\/span><\/a><\/li>\n<li><a href=\"https:\/\/www.merck.ca\/fr\/apercu-de-lentreprise\/\"><span style=\"font-weight: 400;\">Responsabilit\u00e9 sociale de l\u2019entreprise<\/span><\/a><\/li>\n<\/ul>\n<p><span style=\"font-weight: 400;\">Toutes les personnes auxquelles vous parlez dans notre entreprise sont en accord avec nos valeurs fondamentales et notre mission pour sauver et am\u00e9liorer les vies. Comme toute organisation, notre culture diff\u00e8re l\u00e9g\u00e8rement selon le gestionnaire, l\u2019\u00e9quipe, le poste ou la division. Pour avoir un aper\u00e7u en temps r\u00e9el de la culture de notre entreprise, consultez notre page <a href=\"https:\/\/www.linkedin.com\/company\/merck-canada\">LinkedIn<\/a>.<\/span><\/p>\n<\/div>\n                                            <\/div>\n                <\/details>\n                <hr \/>\n            <\/div>\n                    <div itemscope itemprop=\"mainEntity\" itemtype=\"https:\/\/schema.org\/Question\" class=\"b6-accordion-list-item\">\n                <details  id=\"mcc_details_id_2\" class=\"b6-accordion-list-item-details\">\n                    <summary itemprop=\"name\"  class=\"b6-accordion-list-item-summary\">\n                        <h5 class= 'b6-accordion-list-item-summary-heading'>Trouvez une carri\u00e8re qui vous inspire<\/h5>                    <\/summary>\n                    <div itemscope itemprop=\"acceptedAnswer\" itemtype=\"https:\/\/schema.org\/Answer\"  class=\"b6-accordion-list-item-content\">\n                        <div itemprop=\"text\" ><p><span style=\"font-weight: 400;\">Nous avons un ensemble diversifi\u00e9 de possibilit\u00e9s de carri\u00e8res, r\u00e9parties dans diff\u00e9rents domaines fonctionnels au Canada. Trouvez une carri\u00e8re qui vous inspire \u00e0 l\u2019aide notre page de recherche d\u2019emploi.<\/span><\/p>\n<p><span style=\"font-weight: 400;\">Recherchez par mots cl\u00e9s pertinents et filtrez davantage en fonction de vos int\u00e9r\u00eats, de vos comp\u00e9tences et de votre emplacement. Vous pouvez \u00e9galement parcourir nos domaines fonctionnels ou divisions.<\/span><\/p>\n<p><span style=\"font-weight: 400;\">Nos offres d\u2019emploi changent tous les jours. Si vous n\u2019occupez pas l\u2019emploi qui vous convient en ce moment, nous vous recommandons de rejoindre notre <\/span><a href=\"https:\/\/jobs.merck.com\/ca\/fr\/jointalentcommunity?applyType=JTC\"><span style=\"font-weight: 400;\">Communaut\u00e9 des talents<\/span><\/a><span style=\"font-weight: 400;\">. Puis nous vous informerons lorsqu\u2019un emploi correspondra \u00e0 vos pr\u00e9f\u00e9rences.<\/span><\/p>\n<\/div>\n                                            <\/div>\n                <\/details>\n                <hr \/>\n            <\/div>\n                    <div itemscope itemprop=\"mainEntity\" itemtype=\"https:\/\/schema.org\/Question\" class=\"b6-accordion-list-item\">\n                <details  id=\"mcc_details_id_3\" class=\"b6-accordion-list-item-details\">\n                    <summary itemprop=\"name\"  class=\"b6-accordion-list-item-summary\">\n                        <h5 class= 'b6-accordion-list-item-summary-heading'>Postuler<\/h5>                    <\/summary>\n                    <div itemscope itemprop=\"acceptedAnswer\" itemtype=\"https:\/\/schema.org\/Answer\"  class=\"b6-accordion-list-item-content\">\n                        <div itemprop=\"text\" ><p><span style=\"font-weight: 400;\">Une fois que vous avez trouv\u00e9 un emploi qui vous inspire, il est temps de postuler. Assurez-vous que votre CV est \u00e0 jour, mettant en valeur vos forces et vos r\u00e9alisations, et vous d\u00e9marquant de la foule.<\/span><\/p>\n<p><span style=\"font-weight: 400;\">Une fois votre candidature d\u00e9pos\u00e9e, vous recevrez un courriel accusant sa r\u00e9ception. Nos conseillers en acquisition de talents l\u2019examineront et une r\u00e9ponse vous sera adress\u00e9e le plus rapidement possible. Le moment de l\u2019examen de votre candidature peut varier selon le nombre re\u00e7u pour chaque emploi et, dans certains cas, nous commen\u00e7ons \u00e0 les examiner uniquement apr\u00e8s la date de cl\u00f4ture de l\u2019avis d\u2019offre d\u2019emploi.<\/span><\/p>\n<\/div>\n                                            <\/div>\n                <\/details>\n                <hr \/>\n            <\/div>\n                    <div itemscope itemprop=\"mainEntity\" itemtype=\"https:\/\/schema.org\/Question\" class=\"b6-accordion-list-item\">\n                <details  id=\"mcc_details_id_4\" class=\"b6-accordion-list-item-details\">\n                    <summary itemprop=\"name\"  class=\"b6-accordion-list-item-summary\">\n                        <h5 class= 'b6-accordion-list-item-summary-heading'>Entrevue<\/h5>                    <\/summary>\n                    <div itemscope itemprop=\"acceptedAnswer\" itemtype=\"https:\/\/schema.org\/Answer\"  class=\"b6-accordion-list-item-content\">\n                        <div itemprop=\"text\" ><p><span style=\"font-weight: 400;\">Un membre de l\u2019\u00e9quipe communiquera avec vous et il vous fournira tous les d\u00e9tails de l\u2019entrevue. Nous confirmerons l\u2019heure, le lieu, les d\u00e9tails de l\u2019entrevue vid\u00e9o\/t\u00e9l\u00e9phonique, ainsi que de la personne que vous rencontrerez.<\/span><\/p>\n<p><span style=\"font-weight: 400;\">En tant qu\u2019entreprise, nous croyons \u00e0 l\u2019\u00e9valuation des personnes en suivant un processus d\u2019entrevue \u00e9quitable, homog\u00e8ne et structur\u00e9 fond\u00e9 sur les comp\u00e9tences requises pour l\u2019emploi. Nous vous poserons des questions sur vos projets ant\u00e9rieurs, des questions comportementales et situationnelles, sur vos comp\u00e9tences et r\u00e9alisations afin de mieux comprendre vos capacit\u00e9s, vos int\u00e9r\u00eats et votre potentiel \u00e0 long terme. Pour certains emplois, nous utilisons des<\/span> <span style=\"font-weight: 400;\">outils d\u2019\u00e9valuation<\/span> <span style=\"font-weight: 400;\">pour nous aider \u00e0 mieux comprendre qui vous \u00eates. Vous serez inform\u00e9(e) si l\u2019emploi pour lequel vous avez postul\u00e9 comprend une \u00e9valuation d\u2019embauche.<\/span><\/p>\n<p><span style=\"font-weight: 400;\">Nous poserons de nombreuses questions, mais le processus d\u2019entrevue est un processus bidirectionnel et vous devez \u00e9galement nous \u00e9valuer pour voir si le poste offert correspond r\u00e9pond \u00e0 vos attentes professionnelles.<\/span><\/p>\n<\/div>\n                                            <\/div>\n                <\/details>\n                <hr \/>\n            <\/div>\n                    <div itemscope itemprop=\"mainEntity\" itemtype=\"https:\/\/schema.org\/Question\" class=\"b6-accordion-list-item\">\n                <details  id=\"mcc_details_id_5\" class=\"b6-accordion-list-item-details\">\n                    <summary itemprop=\"name\"  class=\"b6-accordion-list-item-summary\">\n                        <h5 class= 'b6-accordion-list-item-summary-heading'>Offre<\/h5>                    <\/summary>\n                    <div itemscope itemprop=\"acceptedAnswer\" itemtype=\"https:\/\/schema.org\/Answer\"  class=\"b6-accordion-list-item-content\">\n                        <div itemprop=\"text\" ><p><span style=\"font-weight: 400;\">Si vous arrivez \u00e0 cette \u00e9tape, c\u2019est que nous pensons que vous conviendrez \u00e0 ce poste et que vous apporterez de la valeur \u00e0 l\u2019\u00e9quipe et \u00e0 notre organisation au fur et \u00e0 mesure que vous progressez dans votre carri\u00e8re. Nous esp\u00e9rons que le sentiment est r\u00e9ciproque!<\/span><\/p>\n<p><span style=\"font-weight: 400;\">Votre conseiller en acquisition de talents communiquera avec vous pour discuter des d\u00e9tails de votre offre et fera un suivi par \u00e9crit pour confirmer. Prenez le temps d\u2019\u00e9valuer la valeur totale de l\u2019offre, y compris les primes associ\u00e9es, l\u2019assurance collective, les cotisations au r\u00e9gime de retraite de l\u2019entreprise, les programmes de bien-\u00eatre, les installations sur place, etc. (notez que certains avantages peuvent varier selon la fonction, le lieu et la l\u00e9gislation locale du travail).<\/span><\/p>\n<p><span style=\"font-weight: 400;\">Une fois que vous avez exprim\u00e9 votre souhait de vous joindre \u00e0 nous, nous commencerons votre int\u00e9gration et nous entamerons des pr\u00e9paratifs pour le premier jour.<\/span><\/p>\n<p><span style=\"font-weight: 400;\">F\u00e9licitations, vous \u00eates notre tout dernier inventeur!<\/span><\/p>\n<\/div>\n                                            <\/div>\n                <\/details>\n                <hr \/>\n            <\/div>\n            <\/div>\n\n<div id=\"mco-b5-content-block-block_263bf940883681cb6ba010bc9645a4b9\"\n     class=\"mco-b5-content-block mccberg-block negative left\">\n    <div class=\"wrapper\">\n\t\t\t\t\t\t\t            <div class=\"mco-b5-content-block-image-section \">\n\t\t\t\t                <picture aria-label=\"Illustration de collaboration \u00e0 distance avec visioconf\u00e9rence, messagerie et espace de travail num\u00e9rique sur un \u00e9cran d\u2019ordinateur.\">\n                                                                        <source media=\"(max-width: 767px)\"\n                                    data-srcset=\"https:\/\/www.merck.ca\/fr\/wp-content\/uploads\/sites\/83\/2023\/10\/Untitleddesign14-1617051962847-1617281328901-Large.png?resize=696,425\"\n                                    srcset=\"https:\/\/www.merck.ca\/fr\/wp-content\/uploads\/sites\/83\/2023\/10\/Untitleddesign14-1617051962847-1617281328901-Large.png?resize=696,425\" \/>\n                                                                                                <source media=\"(min-width: 768px) and (max-width: 1199px)\"\n                                    data-srcset=\"https:\/\/www.merck.ca\/fr\/wp-content\/uploads\/sites\/83\/2023\/10\/Untitleddesign14-1617051962847-1617281328901-Large.png?resize=384,468\"\n                                    srcset=\"https:\/\/www.merck.ca\/fr\/wp-content\/uploads\/sites\/83\/2023\/10\/Untitleddesign14-1617051962847-1617281328901-Large.png?resize=384,468\" \/>\n                                                                                                <source media=\"(min-width: 1200px)\"\n                                    data-srcset=\"https:\/\/www.merck.ca\/fr\/wp-content\/uploads\/sites\/83\/2023\/10\/Untitleddesign14-1617051962847-1617281328901-Large.png?resize=750,650\"\n                                    srcset=\"https:\/\/www.merck.ca\/fr\/wp-content\/uploads\/sites\/83\/2023\/10\/Untitleddesign14-1617051962847-1617281328901-Large.png?resize=750,650\" \/>\n                                                                                                <source media=\"(min-width: 1600px)\"\n                                    data-srcset=\"https:\/\/www.merck.ca\/fr\/wp-content\/uploads\/sites\/83\/2023\/10\/Untitleddesign14-1617051962847-1617281328901-Large.png?resize=850,744\"\n                                    srcset=\"https:\/\/www.merck.ca\/fr\/wp-content\/uploads\/sites\/83\/2023\/10\/Untitleddesign14-1617051962847-1617281328901-Large.png?resize=850,744\" \/>\n                                                                                                <source media=\"(min-width: 1920px)\"\n                                    data-srcset=\"https:\/\/www.merck.ca\/fr\/wp-content\/uploads\/sites\/83\/2023\/10\/Untitleddesign14-1617051962847-1617281328901-Large.png?resize=980,832\"\n                                    srcset=\"https:\/\/www.merck.ca\/fr\/wp-content\/uploads\/sites\/83\/2023\/10\/Untitleddesign14-1617051962847-1617281328901-Large.png?resize=980,832\" \/>\n                                                                                                <img\n                                data-src=\"https:\/\/www.merck.ca\/fr\/wp-content\/uploads\/sites\/83\/2023\/10\/Untitleddesign14-1617051962847-1617281328901-Large.png?resize=650,544\"\n                                alt=\"Illustration de collaboration \u00e0 distance avec visioconf\u00e9rence, messagerie et espace de travail num\u00e9rique sur un \u00e9cran d\u2019ordinateur.\"\n                                class=\"lazyload parallax-scroll\"\n                                loading=\"lazy\"\n                            \/>\n                                                            <\/picture>\n\t\t\t\t            <\/div>\n\t\t        <div class=\"mco-b5-content-block-content-section\">\n\t\t\t\n\t\t\t                <h3 class=\"mco-b5-content-block-heading mcc-b5-normal-title\">\n                    Rejoignez notre communaut\u00e9 des talents d\u00e8s aujourd\u2019hui.                <\/h3 >\n\t\t\t\n\t\t\t                <div class=\"mco-b5-content-block-description\"><p>Recevez des mises \u00e0 jour sur les possibilit\u00e9s de carri\u00e8re qui sont con\u00e7ues sp\u00e9cialement pour vous.<\/p>\n<\/div>\n\t\t\t\n                        <div class=\"mco-b5-content-block-content-buttons-container\">\n\t\t\t\t                    <a class=\"btn secondary read_more\"\n                       href=\"https:\/\/jobs.merck.com\/ca\/fr\/jointalentcommunity\"\n                       title=\"Rejoignez notre communaut\u00e9 des talents d\u00e8s maintenant\"\n                                              target=\"_blank\">Rejoignez notre communaut\u00e9 des talents d\u00e8s maintenant<\/a>\n\t\t\t\t\t\t\t\t\t\t\t\t            <\/div>\n        <\/div>\n    <\/div>\n<\/div>\n<div class=\"mco-b5-content-block-modal popup\" style=\"display: none;\" role=\"dialog\" >\n    <div class=\"popup-wrapper\">\n        <div class=\"mco-b5-content-block-modal-content popup-content\">\n            <button class=\"mco-b5-content-block-modal-close popup-close\" >&times;<\/button>\n            <div class=\"mco-b5-content-block-modal-video\"><\/div>\n        <\/div>\n    <\/div>\n<\/div>\n\n\n\n<p><\/p>\n","protected":false},"excerpt":{"rendered":"<p>Ayez un impact \u00e0 l\u2019\u00e9chelle mondiale \u00e0 travers une pl\u00e9thore de domaines professionnels Lorsque votre m\u00e9tier consiste \u00e0 aider \u00e0 sauver et \u00e0 am\u00e9liorer des vies\u2026 Imaginez que vous vous leviez le matin pour un travail aussi important que celui de contribuer \u00e0 sauver et \u00e0 am\u00e9liorer des vies dans le monde entier. Ici, vous [&hellip;]<\/p>\n","protected":false},"author":175,"featured_media":0,"parent":0,"menu_order":0,"comment_status":"closed","ping_status":"closed","template":"","meta":{"_acf_changed":false,"bdl_company_name":[],"bdl_item_external_link":[],"editor_notices":[],"footnotes":""},"class_list":["post-6145","page","type-page","status-publish","hentry"],"yoast_head":"<!-- This site is optimized with the Yoast SEO plugin v21.9.1 - https:\/\/yoast.com\/wordpress\/plugins\/seo\/ -->\n<title>Carri\u00e8res | Merck Canada<\/title>\n<meta name=\"description\" content=\"Nos employ\u00e9s sont essentiels \u00e0 notre objectif de sauver et d\u2019am\u00e9liorer des vies. D\u00e9couvrez les possibilit\u00e9s de carri\u00e8re chez Merck Canada\" \/>\n<meta name=\"robots\" content=\"index, follow, max-snippet:-1, max-image-preview:large, max-video-preview:-1\" \/>\n<link rel=\"canonical\" href=\"https:\/\/www.merck.ca\/fr\/carrieres\/\" \/>\n<meta property=\"og:locale\" content=\"en_US\" \/>\n<meta property=\"og:type\" content=\"article\" \/>\n<meta property=\"og:title\" content=\"Carri\u00e8res | Merck Canada\" \/>\n<meta property=\"og:description\" content=\"Nos employ\u00e9s sont essentiels \u00e0 notre objectif de sauver et d\u2019am\u00e9liorer des vies. D\u00e9couvrez les possibilit\u00e9s de carri\u00e8re chez Merck Canada\" \/>\n<meta property=\"og:url\" content=\"https:\/\/www.merck.ca\/fr\/carrieres\/\" \/>\n<meta property=\"og:site_name\" content=\"MCC Canada French\" \/>\n<meta property=\"article:modified_time\" content=\"2026-03-20T13:03:01+00:00\" \/>\n<meta property=\"og:image\" content=\"https:\/\/www.merck.ca\/en\/wp-content\/uploads\/sites\/20\/2023\/05\/Icon_Scientist_80-1605562737896-Large.png?w=80\" \/>\n<meta name=\"twitter:card\" content=\"summary_large_image\" \/>\n<meta name=\"twitter:label1\" content=\"Est. reading time\" \/>\n\t<meta name=\"twitter:data1\" content=\"3 minutes\" \/>\n<script type=\"application\/ld+json\" class=\"yoast-schema-graph\">{\"@context\":\"https:\/\/schema.org\",\"@graph\":[{\"@type\":\"WebPage\",\"@id\":\"https:\/\/www.merck.ca\/fr\/carrieres\/\",\"url\":\"https:\/\/www.merck.ca\/fr\/carrieres\/\",\"name\":\"Carri\u00e8res | Merck Canada\",\"isPartOf\":{\"@id\":\"https:\/\/www.merck.ca\/fr\/#website\"},\"datePublished\":\"2023-10-11T16:08:39+00:00\",\"dateModified\":\"2026-03-20T13:03:01+00:00\",\"description\":\"Nos employ\u00e9s sont essentiels \u00e0 notre objectif de sauver et d\u2019am\u00e9liorer des vies. D\u00e9couvrez les possibilit\u00e9s de carri\u00e8re chez Merck Canada\",\"inLanguage\":\"en-US\",\"potentialAction\":[{\"@type\":\"ReadAction\",\"target\":[\"https:\/\/www.merck.ca\/fr\/carrieres\/\"]}]},{\"@type\":\"WebSite\",\"@id\":\"https:\/\/www.merck.ca\/fr\/#website\",\"url\":\"https:\/\/www.merck.ca\/fr\/\",\"name\":\"MCC Canada French\",\"description\":\"Merck.ca\",\"potentialAction\":[{\"@type\":\"SearchAction\",\"target\":{\"@type\":\"EntryPoint\",\"urlTemplate\":\"https:\/\/www.merck.ca\/fr\/?s={search_term_string}\"},\"query-input\":\"required name=search_term_string\"}],\"inLanguage\":\"en-US\"}]}<\/script>\n<!-- \/ Yoast SEO plugin. -->","yoast_head_json":{"title":"Carri\u00e8res | Merck Canada","description":"Nos employ\u00e9s sont essentiels \u00e0 notre objectif de sauver et d\u2019am\u00e9liorer des vies. D\u00e9couvrez les possibilit\u00e9s de carri\u00e8re chez Merck Canada","robots":{"index":"index","follow":"follow","max-snippet":"max-snippet:-1","max-image-preview":"max-image-preview:large","max-video-preview":"max-video-preview:-1"},"canonical":"https:\/\/www.merck.ca\/fr\/carrieres\/","og_locale":"en_US","og_type":"article","og_title":"Carri\u00e8res | Merck Canada","og_description":"Nos employ\u00e9s sont essentiels \u00e0 notre objectif de sauver et d\u2019am\u00e9liorer des vies. D\u00e9couvrez les possibilit\u00e9s de carri\u00e8re chez Merck Canada","og_url":"https:\/\/www.merck.ca\/fr\/carrieres\/","og_site_name":"MCC Canada French","article_modified_time":"2026-03-20T13:03:01+00:00","og_image":[{"url":"https:\/\/www.merck.ca\/en\/wp-content\/uploads\/sites\/20\/2023\/05\/Icon_Scientist_80-1605562737896-Large.png?w=80"}],"twitter_card":"summary_large_image","twitter_misc":{"Est. reading time":"3 minutes"},"schema":{"@context":"https:\/\/schema.org","@graph":[{"@type":"WebPage","@id":"https:\/\/www.merck.ca\/fr\/carrieres\/","url":"https:\/\/www.merck.ca\/fr\/carrieres\/","name":"Carri\u00e8res | Merck Canada","isPartOf":{"@id":"https:\/\/www.merck.ca\/fr\/#website"},"datePublished":"2023-10-11T16:08:39+00:00","dateModified":"2026-03-20T13:03:01+00:00","description":"Nos employ\u00e9s sont essentiels \u00e0 notre objectif de sauver et d\u2019am\u00e9liorer des vies. D\u00e9couvrez les possibilit\u00e9s de carri\u00e8re chez Merck Canada","inLanguage":"en-US","potentialAction":[{"@type":"ReadAction","target":["https:\/\/www.merck.ca\/fr\/carrieres\/"]}]},{"@type":"WebSite","@id":"https:\/\/www.merck.ca\/fr\/#website","url":"https:\/\/www.merck.ca\/fr\/","name":"MCC Canada French","description":"Merck.ca","potentialAction":[{"@type":"SearchAction","target":{"@type":"EntryPoint","urlTemplate":"https:\/\/www.merck.ca\/fr\/?s={search_term_string}"},"query-input":"required name=search_term_string"}],"inLanguage":"en-US"}]}},"acf":[],"_links":{"self":[{"href":"https:\/\/www.merck.ca\/fr\/wp-json\/wp\/v2\/pages\/6145","targetHints":{"allow":["GET"]}}],"collection":[{"href":"https:\/\/www.merck.ca\/fr\/wp-json\/wp\/v2\/pages"}],"about":[{"href":"https:\/\/www.merck.ca\/fr\/wp-json\/wp\/v2\/types\/page"}],"author":[{"embeddable":true,"href":"https:\/\/www.merck.ca\/fr\/wp-json\/wp\/v2\/users\/175"}],"replies":[{"embeddable":true,"href":"https:\/\/www.merck.ca\/fr\/wp-json\/wp\/v2\/comments?post=6145"}],"version-history":[{"count":84,"href":"https:\/\/www.merck.ca\/fr\/wp-json\/wp\/v2\/pages\/6145\/revisions"}],"predecessor-version":[{"id":8575,"href":"https:\/\/www.merck.ca\/fr\/wp-json\/wp\/v2\/pages\/6145\/revisions\/8575"}],"wp:attachment":[{"href":"https:\/\/www.merck.ca\/fr\/wp-json\/wp\/v2\/media?parent=6145"}],"curies":[{"name":"wp","href":"https:\/\/api.w.org\/{rel}","templated":true}]}}