{"id":6117,"date":"2023-10-11T15:29:58","date_gmt":"2023-10-11T15:29:58","guid":{"rendered":"https:\/\/www.merck.ca\/fr\/?page_id=6117"},"modified":"2026-02-23T17:34:07","modified_gmt":"2026-02-23T17:34:07","slug":"diversite-et-inclusion","status":"publish","type":"page","link":"https:\/\/www.merck.ca\/fr\/apercu-de-lentreprise\/diversite-et-inclusion\/","title":{"rendered":"Diversit\u00e9, \u00e9quit\u00e9 et inclusion"},"content":{"rendered":"\n<div id=\"mco-b2-hero-block-block_bde10229ac058c7a440a3afee3d11a56\" class=\"mco-b2-hero-block full mccberg-block\">\n    <div class=\"mco-b2-hero-block-wrapper\">\n        <div class=\"mco-b2-hero-block-image-section \">\n\n                            <div class=\"mco-b2-hero-block-image-container \">\n                    <picture >\n\t<source media=\"(max-width: 767px)\" data-srcset=\"https:\/\/www.merck.ca\/fr\/wp-content\/uploads\/sites\/83\/2025\/08\/5.-AdobeStock_509537529.jpeg?w=768\" srcset=\"https:\/\/www.merck.ca\/fr\/wp-content\/uploads\/sites\/83\/2025\/08\/5.-AdobeStock_509537529.jpeg?w=768\" >\n<source media=\"(min-width: 768px) and (max-width: 1199px)\" data-srcset=\"https:\/\/www.merck.ca\/fr\/wp-content\/uploads\/sites\/83\/2025\/08\/5.-AdobeStock_509537529.jpeg?h=768\" srcset=\"https:\/\/www.merck.ca\/fr\/wp-content\/uploads\/sites\/83\/2025\/08\/5.-AdobeStock_509537529.jpeg?h=768\" >\n<source media=\"(min-width: 1200px) and (max-width: 1919px)\" data-srcset=\"https:\/\/www.merck.ca\/fr\/wp-content\/uploads\/sites\/83\/2025\/08\/5.-AdobeStock_509537529.jpeg?w=1200\" srcset=\"https:\/\/www.merck.ca\/fr\/wp-content\/uploads\/sites\/83\/2025\/08\/5.-AdobeStock_509537529.jpeg?w=1200\" >\n<source media=\"(min-width: 1920px)\" data-srcset=\"https:\/\/www.merck.ca\/fr\/wp-content\/uploads\/sites\/83\/2025\/08\/5.-AdobeStock_509537529.jpeg?w=1920\" srcset=\"https:\/\/www.merck.ca\/fr\/wp-content\/uploads\/sites\/83\/2025\/08\/5.-AdobeStock_509537529.jpeg?w=1920\" >\n\t<img data-src=\"https:\/\/www.merck.ca\/fr\/wp-content\/uploads\/sites\/83\/2025\/08\/5.-AdobeStock_509537529.jpeg?w=1920\" alt=\"\" class=\"eager \" loading=\"eager\" \/>\n<\/picture>                                    <\/div>\n                        <div class=\"mco-b2-hero-block-image-container-two\">\n                            <\/div>\n        <\/div>\n\n        <div class=\"mco-b2-hero-block-content-section\">\n            <nav class=\"breadcrumbs wrapper text-descriptive\"aria-label=\"Breadcrumbs\"><\/nav>            \n                            <h1>Diversit\u00e9, \u00e9quit\u00e9 et inclusion<\/h1>\n            \n                            <div class=\"mco-b2-hero-block-description\"><h3><strong>La diversit\u00e9, \u00e9quit\u00e9\u00a0 et l\u2019inclusion sont les moteurs qui nous permettent d\u2019accomplir notre mission<\/strong><\/h3>\n<p><span style=\"font-weight: 400\">La diversit\u00e9, \u00e9quit\u00e9\u00a0et l\u2019inclusion sont au c\u0153ur de la fa\u00e7on dont nous exer\u00e7ons nos activit\u00e9s, dont nous mobilisons nos employ\u00e9s et dont nous obtenons notre avantage concurrentiel.\u00a0<\/span><\/p>\n<\/div>\n            \n                    <\/div>\n    <\/div>\n\n    \n<\/div>\n\n\n\n<style>\n.mb-0 {margin-bottom: 0 !important;}\n.mt-0 {margin-top: 0 !important;}\n.mx-auto { margin: 0 auto; }\n.teal {background: rgba(110, 206, 178, 0.1); padding: 4rem 0 0.5rem; }\n.mteal {background: #00857C; }\n.merckteal { color: #00857C; }\n.stat-block-top { position: relative; z-index: -1; padding: 2rem 2rem 8rem; background: #00857c; color: #fff; margin-bottom: -9rem;}\n.stat-block { background: #fff; color: #000}\n<\/style>\n\n\n\n<h2 class=\"wp-block-heading has-text-align-center\"><strong><strong>Notre personnel est repr\u00e9sentatif des personnes \u00e0 qui nous offrons nos services<\/strong><\/strong><\/h2>\n\n\n\n<p class=\"has-text-align-center\">\u00ab&nbsp;Diversit\u00e9&nbsp;\u00bb et \u00ab&nbsp;inclusion&nbsp;\u00bb ne sont pas que des mots&nbsp;: ce sont les gages de l\u2019atteinte de notre objectif, qui est de tirer parti des perc\u00e9es scientifiques pour sauver et am\u00e9liorer des vies partout dans le monde.<\/p>\n\n\n\n<p class=\"has-text-align-center\">Or, la diversit\u00e9 n\u2019est rien sans l\u2019inclusion. L\u2019inclusion donne lieu au sentiment d\u2019appartenance. Lorsque nos employ\u00e9s savent qu\u2019ils sont essentiels \u00e0 notre travail, ils s\u2019accomplissent. Tout comme nous.<\/p>\n\n\n\n<div style=\"height:75px\" aria-hidden=\"true\" class=\"wp-block-spacer\"><\/div>\n\n\n<div class=\"dynamic-content-wrapper dynamic-content-cards-block mccberg-block\" id=\"dynamic-content-cards-block-block_bdf2185d4c336103220a501616a5464f\">\n\t\n\t\t\t\t\t<div class=\"dynamic-content-item\">\n\t\t\t\t\t\t<picture>\n\t\t\t\t<source media=\"(max-width: 767px)\"\n\t\t\t\t\t\tdata-srcset=\"https:\/\/www.merck.ca\/fr\/wp-content\/uploads\/sites\/83\/2025\/08\/AdobeStock_321766979.jpeg?resize=375,296\">\n\t\t\t\t<source media=\"(min-width: 768px) and (max-width: 1199px)\"\n\t\t\t\t\t\tdata-srcset=\"https:\/\/www.merck.ca\/fr\/wp-content\/uploads\/sites\/83\/2025\/08\/AdobeStock_321766979.jpeg?resize=768,398\">\n\t\t\t\t<source media=\"(min-width: 1200px)\"\n\t\t\t\t\t\tdata-srcset=\"https:\/\/www.merck.ca\/fr\/wp-content\/uploads\/sites\/83\/2025\/08\/AdobeStock_321766979.jpeg?resize=533,548\">\n\t\t\t\t<img data-src=\"https:\/\/www.merck.ca\/fr\/wp-content\/uploads\/sites\/83\/2025\/08\/AdobeStock_321766979.jpeg?resize=533,548\" alt=\"\" class=\"dynamic-content-item-image lazyload\" loading=\"lazy\" \/>\n\t\t\t<\/picture>\n\t\t\t\t<div class=\"dynamic-content-item-body\">\n\t\t\t<div class=\"body-container\">\n\t\t\t\t<h5>Groupes de ressources professionnelles des employ\u00e9s<\/h5>\n\t\t\t\t<p class=\"dynamic-content-item-content-caption\">Les groupes de ressources renforcent et diversifient le leadership et offrent des informations culturellement pertinentes qui favorisent notre r\u00e9ussite.<\/p>\n\t\t\t<\/div>\n\t\t\t\t\t<\/div>\n\t<\/div>\n\t\t\t\t<div class=\"dynamic-content-item\">\n\t\t\t\t\t\t<picture>\n\t\t\t\t<source media=\"(max-width: 767px)\"\n\t\t\t\t\t\tdata-srcset=\"https:\/\/www.merck.ca\/fr\/wp-content\/uploads\/sites\/83\/2025\/08\/AdobeStock_1321969774.jpeg?resize=375,296\">\n\t\t\t\t<source media=\"(min-width: 768px) and (max-width: 1199px)\"\n\t\t\t\t\t\tdata-srcset=\"https:\/\/www.merck.ca\/fr\/wp-content\/uploads\/sites\/83\/2025\/08\/AdobeStock_1321969774.jpeg?resize=768,398\">\n\t\t\t\t<source media=\"(min-width: 1200px)\"\n\t\t\t\t\t\tdata-srcset=\"https:\/\/www.merck.ca\/fr\/wp-content\/uploads\/sites\/83\/2025\/08\/AdobeStock_1321969774.jpeg?resize=533,548\">\n\t\t\t\t<img data-src=\"https:\/\/www.merck.ca\/fr\/wp-content\/uploads\/sites\/83\/2025\/08\/AdobeStock_1321969774.jpeg?resize=533,548\" alt=\"\" class=\"dynamic-content-item-image lazyload\" loading=\"lazy\" \/>\n\t\t\t<\/picture>\n\t\t\t\t<div class=\"dynamic-content-item-body\">\n\t\t\t<div class=\"body-container\">\n\t\t\t\t<h5>Programmes d\u2019apprentissage sur la diversit\u00e9 et l\u2019inclusion<\/h5>\n\t\t\t\t<p class=\"dynamic-content-item-content-caption\">Nous offrons un vaste \u00e9ventail de formations, comme notre cours sur la diversit\u00e9 et l\u2019inclusion et notre programme de leadership diversifi\u00e9.<\/p>\n\t\t\t<\/div>\n\t\t\t\t\t<\/div>\n\t<\/div>\n\t\t\t\t<div class=\"dynamic-content-item\">\n\t\t\t\t\t\t<picture>\n\t\t\t\t<source media=\"(max-width: 767px)\"\n\t\t\t\t\t\tdata-srcset=\"https:\/\/www.merck.ca\/fr\/wp-content\/uploads\/sites\/83\/2025\/08\/AdobeStock_1441697992.jpeg?resize=375,296\">\n\t\t\t\t<source media=\"(min-width: 768px) and (max-width: 1199px)\"\n\t\t\t\t\t\tdata-srcset=\"https:\/\/www.merck.ca\/fr\/wp-content\/uploads\/sites\/83\/2025\/08\/AdobeStock_1441697992.jpeg?resize=768,398\">\n\t\t\t\t<source media=\"(min-width: 1200px)\"\n\t\t\t\t\t\tdata-srcset=\"https:\/\/www.merck.ca\/fr\/wp-content\/uploads\/sites\/83\/2025\/08\/AdobeStock_1441697992.jpeg?resize=533,548\">\n\t\t\t\t<img data-src=\"https:\/\/www.merck.ca\/fr\/wp-content\/uploads\/sites\/83\/2025\/08\/AdobeStock_1441697992.jpeg?resize=533,548\" alt=\"\" class=\"dynamic-content-item-image lazyload\" loading=\"lazy\" \/>\n\t\t\t<\/picture>\n\t\t\t\t<div class=\"dynamic-content-item-body\">\n\t\t\t<div class=\"body-container\">\n\t\t\t\t<h5>\u00c9quipes d\u2019ambassadeurs de la diversit\u00e9 et de l\u2019inclusion<\/h5>\n\t\t\t\t<p class=\"dynamic-content-item-content-caption\">Nos \u00e9quipes mondiales d\u2019ambassadeurs de la diversit\u00e9 et de l\u2019inclusion int\u00e8grent notre strat\u00e9gie d\u2019affaires \u00e0 notre strat\u00e9gie d\u2019\u00e9quipe.<\/p>\n\t\t\t<\/div>\n\t\t\t\t\t<\/div>\n\t<\/div>\n\t<\/div>\n\n\n\n<div class=\"wp-block-columns full is-layout-flex wp-container-core-columns-is-layout-9d6595d7 wp-block-columns-is-layout-flex\">\n<div class=\"wp-block-column full is-layout-flow wp-block-column-is-layout-flow\">\n<h2 class=\"wp-block-heading has-text-align-center stat-block-top\"><strong>La diversit\u00e9 et l\u2019inclusion, en chiffres<\/strong><\/h2>\n\n\n\n<div class=\"wp-block-columns wrapper stat-block is-layout-flex wp-container-core-columns-is-layout-9d6595d7 wp-block-columns-is-layout-flex\">\n<div class=\"wp-block-column is-layout-flow wp-block-column-is-layout-flow\"><div id=\"stat-block-block_ad91901ed7631b05b1d8e620e07fbe98\" class=\"stat-block mccberg-block\">\n    <div class=\"stat-block-content  \">\n\n        \n        <div class=\"stat-block-statistic\">63 %<\/div>\n\n        <div class=\"stat-block-tablet-wrapper\">\n                        <p class=\"stat-block-description\">des employ\u00e9s de Merck Canada sont des femmes<\/p>\n            \n                            <a href=\"https:\/\/www.merck.ca\/fr\/carrieres\/\"\n                   title=\"Voir les carri\u00e8res\"\n                   target=\"_self\"\n                   class=\"stat-block-cta btn secondary\"\n                                   >Voir les carri\u00e8res<\/a>\n                    <\/div>\n\n    <\/div>\n<\/div><\/div>\n\n\n\n<div class=\"wp-block-column is-layout-flow wp-block-column-is-layout-flow\"><div id=\"stat-block-block_3ae1cdef076d892a655112d43717d766\" class=\"stat-block mccberg-block\">\n    <div class=\"stat-block-content  \">\n\n        \n        <div class=\"stat-block-statistic\">21 000<\/div>\n\n        <div class=\"stat-block-tablet-wrapper\">\n                        <p class=\"stat-block-description\">membres de groupes de ressources professionnelles des employ\u00e9s dans le monde<\/p>\n            \n                            <a href=\"https:\/\/jobs.merck.com\/ca\/fr\"\n                   title=\"En savoir plus\"\n                   target=\"_self\"\n                   class=\"stat-block-cta btn secondary\"\n                                   >En savoir plus<\/a>\n                    <\/div>\n\n    <\/div>\n<\/div><\/div>\n\n\n\n<div class=\"wp-block-column is-layout-flow wp-block-column-is-layout-flow\"><div id=\"stat-block-block_54199925cd757c6adb619bf7ecf9f8b1\" class=\"stat-block mccberg-block\">\n    <div class=\"stat-block-content  \">\n\n        \n        <div class=\"stat-block-statistic\">&gt; 450 M<\/div>\n\n        <div class=\"stat-block-tablet-wrapper\">\n                        <p class=\"stat-block-description\">personnes atteintes avec nos m\u00e9dicaments et vaccins \u00e0 l\u2019\u00e9chelle mondiale en 2024<\/p>\n            \n                            <a href=\"https:\/\/www.merck.ca\/fr\/recherche-et-produits\/\"\n                   title=\"En savoir plus\"\n                   target=\"_self\"\n                   class=\"stat-block-cta btn secondary\"\n                                   >En savoir plus<\/a>\n                    <\/div>\n\n    <\/div>\n<\/div><\/div>\n<\/div>\n<\/div>\n<\/div>\n\n\n\n<h1 class=\"wp-block-heading has-text-align-center merckteal\"><strong><strong>Collaborer pour favoriser le changement<\/strong><\/strong><\/h1>\n\n\n<div id=\"mco-b5-content-block-block_9086eba2c8514f02c46f3300861b899d\"\n     class=\"mco-b5-content-block mccberg-block negative right\">\n    <div class=\"wrapper\">\n\t\t\t\t\t\t\t            <div class=\"mco-b5-content-block-image-section \">\n\t\t\t\t                <picture >\n                                                                        <source media=\"(max-width: 767px)\"\n                                    data-srcset=\"https:\/\/www.merck.ca\/fr\/wp-content\/uploads\/sites\/83\/2025\/08\/Our-employees_close-up-listening-during-team-meeting_hi_300dpi.jpg?resize=696,425\"\n                                    srcset=\"https:\/\/www.merck.ca\/fr\/wp-content\/uploads\/sites\/83\/2025\/08\/Our-employees_close-up-listening-during-team-meeting_hi_300dpi.jpg?resize=696,425\" \/>\n                                                                                                <source media=\"(min-width: 768px) and (max-width: 1199px)\"\n                                    data-srcset=\"https:\/\/www.merck.ca\/fr\/wp-content\/uploads\/sites\/83\/2025\/08\/Our-employees_close-up-listening-during-team-meeting_hi_300dpi.jpg?resize=384,468\"\n                                    srcset=\"https:\/\/www.merck.ca\/fr\/wp-content\/uploads\/sites\/83\/2025\/08\/Our-employees_close-up-listening-during-team-meeting_hi_300dpi.jpg?resize=384,468\" \/>\n                                                                                                <source media=\"(min-width: 1200px)\"\n                                    data-srcset=\"https:\/\/www.merck.ca\/fr\/wp-content\/uploads\/sites\/83\/2025\/08\/Our-employees_close-up-listening-during-team-meeting_hi_300dpi.jpg?resize=750,650\"\n                                    srcset=\"https:\/\/www.merck.ca\/fr\/wp-content\/uploads\/sites\/83\/2025\/08\/Our-employees_close-up-listening-during-team-meeting_hi_300dpi.jpg?resize=750,650\" \/>\n                                                                                                <source media=\"(min-width: 1600px)\"\n                                    data-srcset=\"https:\/\/www.merck.ca\/fr\/wp-content\/uploads\/sites\/83\/2025\/08\/Our-employees_close-up-listening-during-team-meeting_hi_300dpi.jpg?resize=850,744\"\n                                    srcset=\"https:\/\/www.merck.ca\/fr\/wp-content\/uploads\/sites\/83\/2025\/08\/Our-employees_close-up-listening-during-team-meeting_hi_300dpi.jpg?resize=850,744\" \/>\n                                                                                                <source media=\"(min-width: 1920px)\"\n                                    data-srcset=\"https:\/\/www.merck.ca\/fr\/wp-content\/uploads\/sites\/83\/2025\/08\/Our-employees_close-up-listening-during-team-meeting_hi_300dpi.jpg?resize=980,832\"\n                                    srcset=\"https:\/\/www.merck.ca\/fr\/wp-content\/uploads\/sites\/83\/2025\/08\/Our-employees_close-up-listening-during-team-meeting_hi_300dpi.jpg?resize=980,832\" \/>\n                                                                                                <img\n                                data-src=\"https:\/\/www.merck.ca\/fr\/wp-content\/uploads\/sites\/83\/2025\/08\/Our-employees_close-up-listening-during-team-meeting_hi_300dpi.jpg?resize=650,544\"\n                                alt=\"\"\n                                class=\"lazyload parallax-scroll\"\n                                loading=\"lazy\"\n                            \/>\n                                                            <\/picture>\n\t\t\t\t            <\/div>\n\t\t        <div class=\"mco-b5-content-block-content-section\">\n\t\t\t\n\t\t\t                <h3 class=\"mco-b5-content-block-heading mcc-b5-normal-title\">\n                    La diversit\u00e9 de nos fournisseurs devrait \u00eatre aussi riche que celle des patients \u00e0 qui nous offrons nos services                <\/h3 >\n\t\t\t\n\t\t\t                <div class=\"mco-b5-content-block-description\"><p><span style=\"font-weight: 400\" data-mce-style=\"font-weight: 400;\">Notre bassin diversifi\u00e9 de fournisseurs nous aide \u00e0 comprendre les besoins de nos employ\u00e9s et de nos patients. C\u2019est pourquoi nous faisons appel \u00e0 un vaste \u00e9ventail de partenaires.<\/span><\/p>\n<\/div>\n\t\t\t\n                        <div class=\"mco-b5-content-block-content-buttons-container\">\n\t\t\t\t                    <a class=\"btn secondary read_more\"\n                       href=\"https:\/\/www.merck.ca\/fr\/apercu-de-lentreprise\/fournisseurs\/\"\n                       title=\"Devenir fournisseur\"\n                                              target=\"\">Devenir fournisseur<\/a>\n\t\t\t\t\t\t\t\t\t\t\t\t            <\/div>\n        <\/div>\n    <\/div>\n<\/div>\n<div class=\"mco-b5-content-block-modal popup\" style=\"display: none;\" role=\"dialog\" >\n    <div class=\"popup-wrapper\">\n        <div class=\"mco-b5-content-block-modal-content popup-content\">\n            <button class=\"mco-b5-content-block-modal-close popup-close\" >&times;<\/button>\n            <div class=\"mco-b5-content-block-modal-video\"><\/div>\n        <\/div>\n    <\/div>\n<\/div>\n\n\n\n<div id=\"mco-three-column-content-block-block_8d2f7f2e429e9f49e54d920d05d29522\"\n     class=\"mco-three-column-content-block mccberg-block\">\n\n\t        <div class=\"mco-three-column-content-heading-container\">\n            <h2>Liens connexes<\/h2>\n\n\t\t\t        <\/div>\n\t\n    <div class=\"mco-three-column-content-columns-container\">\n\n                <div class=\"mco-three-column-content-column\"\n             role=\"link\" data-href=\"https:\/\/www.merck.ca\/fr\/apercu-de-lentreprise\/apercu-de-la-durabilite\/\" data-target=\"\" style=\"cursor: pointer;\" title=\"https:\/\/www.merck.ca\/fr\/apercu-de-lentreprise\/apercu-de-la-durabilite\/\"        >\n                        <div class=\"mco-three-column-content-col-img-container\">\n            <div class=\"mco-three-column-content-col-img\">\n                <picture>\n                    <source media=\"(max-width: 767px)\"\n                            data-srcset=\"https:\/\/www.merck.ca\/fr\/wp-content\/uploads\/sites\/83\/2025\/08\/10.-AdobeStock_416707131.jpeg?resize=767,469\">\n                    <source media=\"(min-width: 768px) and (max-width: 1199px)\"\n                            data-srcset=\"https:\/\/www.merck.ca\/fr\/wp-content\/uploads\/sites\/83\/2025\/08\/10.-AdobeStock_416707131.jpeg?resize=314,280\">\n                    <source media=\"(min-width: 1200px)\"\n                            data-srcset=\"https:\/\/www.merck.ca\/fr\/wp-content\/uploads\/sites\/83\/2025\/08\/10.-AdobeStock_416707131.jpeg?resize=404,268\">\n                    <img\n                        data-src=\"https:\/\/www.merck.ca\/fr\/wp-content\/uploads\/sites\/83\/2025\/08\/10.-AdobeStock_416707131.jpeg?resize=404,268\"\n                        class=\"lazyload\"\n                        loading=\"lazy\"\n                        alt=\"\"\n                            \/>\n                <\/picture>\n            <\/div>\n        <\/div>\n\n                            <div class=\"mco-three-column-content-col-content-container\">\n            \n                            <h3>Durabilit\u00e9<\/h3>\n            \n            \n                            <div class=\"mco-three-column-content-col-wysiwyg\"><p><br data-mce-bogus=\"1\"><\/p>\n<\/div>\n                    <\/div>\n                <\/div>\n    \n                <div class=\"mco-three-column-content-column\"\n             role=\"link\" data-href=\"https:\/\/www.merck.ca\/fr\/carrieres\/\" data-target=\"\" style=\"cursor: pointer;\" title=\"https:\/\/www.merck.ca\/fr\/carrieres\/\"        >\n                        <div class=\"mco-three-column-content-col-img-container\">\n            <div class=\"mco-three-column-content-col-img\">\n                <picture>\n                    <source media=\"(max-width: 767px)\"\n                            data-srcset=\"https:\/\/www.merck.ca\/fr\/wp-content\/uploads\/sites\/83\/2025\/08\/25.-Sustainability_Photo_Employees-talking.jpg?resize=767,469\">\n                    <source media=\"(min-width: 768px) and (max-width: 1199px)\"\n                            data-srcset=\"https:\/\/www.merck.ca\/fr\/wp-content\/uploads\/sites\/83\/2025\/08\/25.-Sustainability_Photo_Employees-talking.jpg?resize=314,280\">\n                    <source media=\"(min-width: 1200px)\"\n                            data-srcset=\"https:\/\/www.merck.ca\/fr\/wp-content\/uploads\/sites\/83\/2025\/08\/25.-Sustainability_Photo_Employees-talking.jpg?resize=404,268\">\n                    <img\n                        data-src=\"https:\/\/www.merck.ca\/fr\/wp-content\/uploads\/sites\/83\/2025\/08\/25.-Sustainability_Photo_Employees-talking.jpg?resize=404,268\"\n                        class=\"lazyload\"\n                        loading=\"lazy\"\n                        alt=\"\"\n                            \/>\n                <\/picture>\n            <\/div>\n        <\/div>\n\n                            <div class=\"mco-three-column-content-col-content-container\">\n            \n                            <h3>Carri\u00e8res<\/h3>\n            \n            \n                            <div class=\"mco-three-column-content-col-wysiwyg\"><p><br data-mce-bogus=\"1\"><\/p>\n<\/div>\n                    <\/div>\n                <\/div>\n    \n                <div class=\"mco-three-column-content-column\"\n             role=\"link\" data-href=\"https:\/\/www.merck.ca\/fr\/apercu-de-lentreprise\/\" data-target=\"\" style=\"cursor: pointer;\" title=\"https:\/\/www.merck.ca\/fr\/apercu-de-lentreprise\/\"        >\n                        <div class=\"mco-three-column-content-col-img-container\">\n            <div class=\"mco-three-column-content-col-img\">\n                <picture>\n                    <source media=\"(max-width: 767px)\"\n                            data-srcset=\"https:\/\/www.merck.ca\/fr\/wp-content\/uploads\/sites\/83\/2023\/10\/Screenshot-2023-07-14-at-12.32.39.png?resize=767,469\">\n                    <source media=\"(min-width: 768px) and (max-width: 1199px)\"\n                            data-srcset=\"https:\/\/www.merck.ca\/fr\/wp-content\/uploads\/sites\/83\/2023\/10\/Screenshot-2023-07-14-at-12.32.39.png?resize=314,280\">\n                    <source media=\"(min-width: 1200px)\"\n                            data-srcset=\"https:\/\/www.merck.ca\/fr\/wp-content\/uploads\/sites\/83\/2023\/10\/Screenshot-2023-07-14-at-12.32.39.png?resize=404,268\">\n                    <img\n                        data-src=\"https:\/\/www.merck.ca\/fr\/wp-content\/uploads\/sites\/83\/2023\/10\/Screenshot-2023-07-14-at-12.32.39.png?resize=404,268\"\n                        class=\"lazyload\"\n                        loading=\"lazy\"\n                        alt=\"Scientifique en blouse et lunettes observant attentivement du mat\u00e9riel de laboratoire pendant une exp\u00e9rience\"\n                            \/>\n                <\/picture>\n            <\/div>\n        <\/div>\n\n                            <div class=\"mco-three-column-content-col-content-container\">\n            \n                            <h3>\u00c0 notre sujet<\/h3>\n            \n            \n                            <div class=\"mco-three-column-content-col-wysiwyg\"><p><br data-mce-bogus=\"1\"><\/p>\n<\/div>\n                    <\/div>\n                <\/div>\n    \n\n    <\/div>\n<\/div>\n","protected":false},"excerpt":{"rendered":"<p>Notre personnel est repr\u00e9sentatif des personnes \u00e0 qui nous offrons nos services \u00ab&nbsp;Diversit\u00e9&nbsp;\u00bb et \u00ab&nbsp;inclusion&nbsp;\u00bb ne sont pas que des mots&nbsp;: ce sont les gages de l\u2019atteinte de notre objectif, qui est de tirer parti des perc\u00e9es scientifiques pour sauver et am\u00e9liorer des vies partout dans le monde. Or, la diversit\u00e9 n\u2019est rien sans l\u2019inclusion. [&hellip;]<\/p>\n","protected":false},"author":175,"featured_media":0,"parent":5923,"menu_order":0,"comment_status":"closed","ping_status":"closed","template":"","meta":{"_acf_changed":false,"bdl_company_name":[],"bdl_item_external_link":[],"editor_notices":[],"footnotes":""},"class_list":["post-6117","page","type-page","status-publish","hentry"],"yoast_head":"<!-- This site is optimized with the Yoast SEO plugin v21.9.1 - https:\/\/yoast.com\/wordpress\/plugins\/seo\/ -->\n<title>Diversit\u00e9 et inclusion | Merck Canada<\/title>\n<meta name=\"description\" content=\"D\u00e9couvrir en quoi la diversit\u00e9 et l\u2019inclusion sont essentielles aux activit\u00e9s de Merck Canada et comment celle-ci mobilise ses employ\u00e9s\" \/>\n<meta name=\"robots\" content=\"index, follow, max-snippet:-1, max-image-preview:large, max-video-preview:-1\" \/>\n<link rel=\"canonical\" href=\"https:\/\/www.merck.ca\/fr\/apercu-de-lentreprise\/diversite-et-inclusion\/\" \/>\n<meta property=\"og:locale\" content=\"en_US\" \/>\n<meta property=\"og:type\" content=\"article\" \/>\n<meta property=\"og:title\" content=\"Diversit\u00e9 et inclusion | Merck Canada\" \/>\n<meta property=\"og:description\" content=\"D\u00e9couvrir en quoi la diversit\u00e9 et l\u2019inclusion sont essentielles aux activit\u00e9s de Merck Canada et comment celle-ci mobilise ses employ\u00e9s\" \/>\n<meta property=\"og:url\" content=\"https:\/\/www.merck.ca\/fr\/apercu-de-lentreprise\/diversite-et-inclusion\/\" \/>\n<meta property=\"og:site_name\" content=\"MCC Canada French\" \/>\n<meta property=\"article:modified_time\" content=\"2026-02-23T17:34:07+00:00\" \/>\n<meta name=\"twitter:card\" content=\"summary_large_image\" \/>\n<meta name=\"twitter:label1\" content=\"Est. reading time\" \/>\n\t<meta name=\"twitter:data1\" content=\"1 minute\" \/>\n<script type=\"application\/ld+json\" class=\"yoast-schema-graph\">{\"@context\":\"https:\/\/schema.org\",\"@graph\":[{\"@type\":\"WebPage\",\"@id\":\"https:\/\/www.merck.ca\/fr\/apercu-de-lentreprise\/diversite-et-inclusion\/\",\"url\":\"https:\/\/www.merck.ca\/fr\/apercu-de-lentreprise\/diversite-et-inclusion\/\",\"name\":\"Diversit\u00e9 et inclusion | Merck Canada\",\"isPartOf\":{\"@id\":\"https:\/\/www.merck.ca\/fr\/#website\"},\"datePublished\":\"2023-10-11T15:29:58+00:00\",\"dateModified\":\"2026-02-23T17:34:07+00:00\",\"description\":\"D\u00e9couvrir en quoi la diversit\u00e9 et l\u2019inclusion sont essentielles aux activit\u00e9s de Merck Canada et comment celle-ci mobilise ses employ\u00e9s\",\"breadcrumb\":{\"@id\":\"https:\/\/www.merck.ca\/fr\/apercu-de-lentreprise\/diversite-et-inclusion\/#breadcrumb\"},\"inLanguage\":\"en-US\",\"potentialAction\":[{\"@type\":\"ReadAction\",\"target\":[\"https:\/\/www.merck.ca\/fr\/apercu-de-lentreprise\/diversite-et-inclusion\/\"]}]},{\"@type\":\"BreadcrumbList\",\"@id\":\"https:\/\/www.merck.ca\/fr\/apercu-de-lentreprise\/diversite-et-inclusion\/#breadcrumb\",\"itemListElement\":[{\"@type\":\"ListItem\",\"position\":1,\"name\":\"Aper\u00e7u de l\u2019entreprise\",\"item\":\"https:\/\/www.merck.ca\/fr\/apercu-de-lentreprise\/\"},{\"@type\":\"ListItem\",\"position\":2,\"name\":\"Diversit\u00e9, \u00e9quit\u00e9 et inclusion\"}]},{\"@type\":\"WebSite\",\"@id\":\"https:\/\/www.merck.ca\/fr\/#website\",\"url\":\"https:\/\/www.merck.ca\/fr\/\",\"name\":\"MCC Canada French\",\"description\":\"Merck.ca\",\"potentialAction\":[{\"@type\":\"SearchAction\",\"target\":{\"@type\":\"EntryPoint\",\"urlTemplate\":\"https:\/\/www.merck.ca\/fr\/?s={search_term_string}\"},\"query-input\":\"required name=search_term_string\"}],\"inLanguage\":\"en-US\"}]}<\/script>\n<!-- \/ Yoast SEO plugin. -->","yoast_head_json":{"title":"Diversit\u00e9 et inclusion | Merck Canada","description":"D\u00e9couvrir en quoi la diversit\u00e9 et l\u2019inclusion sont essentielles aux activit\u00e9s de Merck Canada et comment celle-ci mobilise ses employ\u00e9s","robots":{"index":"index","follow":"follow","max-snippet":"max-snippet:-1","max-image-preview":"max-image-preview:large","max-video-preview":"max-video-preview:-1"},"canonical":"https:\/\/www.merck.ca\/fr\/apercu-de-lentreprise\/diversite-et-inclusion\/","og_locale":"en_US","og_type":"article","og_title":"Diversit\u00e9 et inclusion | Merck Canada","og_description":"D\u00e9couvrir en quoi la diversit\u00e9 et l\u2019inclusion sont essentielles aux activit\u00e9s de Merck Canada et comment celle-ci mobilise ses employ\u00e9s","og_url":"https:\/\/www.merck.ca\/fr\/apercu-de-lentreprise\/diversite-et-inclusion\/","og_site_name":"MCC Canada French","article_modified_time":"2026-02-23T17:34:07+00:00","twitter_card":"summary_large_image","twitter_misc":{"Est. reading time":"1 minute"},"schema":{"@context":"https:\/\/schema.org","@graph":[{"@type":"WebPage","@id":"https:\/\/www.merck.ca\/fr\/apercu-de-lentreprise\/diversite-et-inclusion\/","url":"https:\/\/www.merck.ca\/fr\/apercu-de-lentreprise\/diversite-et-inclusion\/","name":"Diversit\u00e9 et inclusion | Merck Canada","isPartOf":{"@id":"https:\/\/www.merck.ca\/fr\/#website"},"datePublished":"2023-10-11T15:29:58+00:00","dateModified":"2026-02-23T17:34:07+00:00","description":"D\u00e9couvrir en quoi la diversit\u00e9 et l\u2019inclusion sont essentielles aux activit\u00e9s de Merck Canada et comment celle-ci mobilise ses employ\u00e9s","breadcrumb":{"@id":"https:\/\/www.merck.ca\/fr\/apercu-de-lentreprise\/diversite-et-inclusion\/#breadcrumb"},"inLanguage":"en-US","potentialAction":[{"@type":"ReadAction","target":["https:\/\/www.merck.ca\/fr\/apercu-de-lentreprise\/diversite-et-inclusion\/"]}]},{"@type":"BreadcrumbList","@id":"https:\/\/www.merck.ca\/fr\/apercu-de-lentreprise\/diversite-et-inclusion\/#breadcrumb","itemListElement":[{"@type":"ListItem","position":1,"name":"Aper\u00e7u de l\u2019entreprise","item":"https:\/\/www.merck.ca\/fr\/apercu-de-lentreprise\/"},{"@type":"ListItem","position":2,"name":"Diversit\u00e9, \u00e9quit\u00e9 et inclusion"}]},{"@type":"WebSite","@id":"https:\/\/www.merck.ca\/fr\/#website","url":"https:\/\/www.merck.ca\/fr\/","name":"MCC Canada French","description":"Merck.ca","potentialAction":[{"@type":"SearchAction","target":{"@type":"EntryPoint","urlTemplate":"https:\/\/www.merck.ca\/fr\/?s={search_term_string}"},"query-input":"required name=search_term_string"}],"inLanguage":"en-US"}]}},"acf":[],"_links":{"self":[{"href":"https:\/\/www.merck.ca\/fr\/wp-json\/wp\/v2\/pages\/6117","targetHints":{"allow":["GET"]}}],"collection":[{"href":"https:\/\/www.merck.ca\/fr\/wp-json\/wp\/v2\/pages"}],"about":[{"href":"https:\/\/www.merck.ca\/fr\/wp-json\/wp\/v2\/types\/page"}],"author":[{"embeddable":true,"href":"https:\/\/www.merck.ca\/fr\/wp-json\/wp\/v2\/users\/175"}],"replies":[{"embeddable":true,"href":"https:\/\/www.merck.ca\/fr\/wp-json\/wp\/v2\/comments?post=6117"}],"version-history":[{"count":31,"href":"https:\/\/www.merck.ca\/fr\/wp-json\/wp\/v2\/pages\/6117\/revisions"}],"predecessor-version":[{"id":8507,"href":"https:\/\/www.merck.ca\/fr\/wp-json\/wp\/v2\/pages\/6117\/revisions\/8507"}],"up":[{"embeddable":true,"href":"https:\/\/www.merck.ca\/fr\/wp-json\/wp\/v2\/pages\/5923"}],"wp:attachment":[{"href":"https:\/\/www.merck.ca\/fr\/wp-json\/wp\/v2\/media?parent=6117"}],"curies":[{"name":"wp","href":"https:\/\/api.w.org\/{rel}","templated":true}]}}