{"id":6044,"date":"2023-10-10T16:16:26","date_gmt":"2023-10-10T16:16:26","guid":{"rendered":"https:\/\/www.merck.ca\/fr\/?page_id=6044"},"modified":"2025-07-21T12:49:51","modified_gmt":"2025-07-21T12:49:51","slug":"andre-galarneau","status":"publish","type":"page","link":"https:\/\/www.merck.ca\/fr\/apercu-de-lentreprise\/equipe-de-direction\/andre-galarneau\/","title":{"rendered":"Andr\u00e9 Galarneau"},"content":{"rendered":"\n<div id=\"mco-b2-hero-block-block_686e2d5487db4aa9bc03d7dafe4db8e6\" class=\"mco-b2-hero-block full mccberg-block\">\n    <div class=\"mco-b2-hero-block-wrapper\">\n        <div class=\"mco-b2-hero-block-image-section \">\n                            <div class=\"mco-b2-hero-block-image-container \">\n                    <picture >\n\t<source media=\"(max-width: 767px)\" data-srcset=\"https:\/\/www.merck.ca\/fr\/wp-content\/uploads\/sites\/83\/2023\/10\/Andre-Galarneau-FINAL.png?w=768\" srcset=\"https:\/\/www.merck.ca\/fr\/wp-content\/uploads\/sites\/83\/2023\/10\/Andre-Galarneau-FINAL.png?w=768\" >\n<source media=\"(min-width: 768px) and (max-width: 1199px)\" data-srcset=\"https:\/\/www.merck.ca\/fr\/wp-content\/uploads\/sites\/83\/2023\/10\/Andre-Galarneau-FINAL.png?h=768\" srcset=\"https:\/\/www.merck.ca\/fr\/wp-content\/uploads\/sites\/83\/2023\/10\/Andre-Galarneau-FINAL.png?h=768\" >\n<source media=\"(min-width: 1200px) and (max-width: 1919px)\" data-srcset=\"https:\/\/www.merck.ca\/fr\/wp-content\/uploads\/sites\/83\/2023\/10\/Andre-Galarneau-FINAL.png?w=1200\" srcset=\"https:\/\/www.merck.ca\/fr\/wp-content\/uploads\/sites\/83\/2023\/10\/Andre-Galarneau-FINAL.png?w=1200\" >\n<source media=\"(min-width: 1920px)\" data-srcset=\"https:\/\/www.merck.ca\/fr\/wp-content\/uploads\/sites\/83\/2023\/10\/Andre-Galarneau-FINAL.png?w=1920\" srcset=\"https:\/\/www.merck.ca\/fr\/wp-content\/uploads\/sites\/83\/2023\/10\/Andre-Galarneau-FINAL.png?w=1920\" >\n\t<img data-src=\"https:\/\/www.merck.ca\/fr\/wp-content\/uploads\/sites\/83\/2023\/10\/Andre-Galarneau-FINAL.png?w=1920\" alt=\"Andre\u0301-Galarneau\" class=\"eager \" loading=\"eager\" \/>\n<\/picture>                                    <\/div>\n                        <div class=\"mco-b2-hero-block-image-container-two\">\n                            <\/div>\n        <\/div>\n\n        <div class=\"mco-b2-hero-block-content-section\">\n            <nav class=\"breadcrumbs wrapper text-descriptive\"aria-label=\"Breadcrumbs\"><\/nav>            \n                            <h1>Andr\u00e9 Galarneau<\/h1>\n            \n                            <div class=\"mco-b2-hero-block-description\"><p><em>Directeur ex\u00e9cutif, Oncologie<\/em><\/p>\n<\/div>\n            \n                    <\/div>\n    <\/div>\n\n    \n<\/div>\n\n\n\n<p>Profond\u00e9ment int\u00e9ress\u00e9 par la science et son potentiel de solutions pour aider les gens, Andr\u00e9&nbsp;Galarneau a choisi un parcours universitaire stimulant qui lui a permis d\u2019obtenir un baccalaur\u00e9at et une ma\u00eetrise en biochimie \u00e0 l\u2019Universit\u00e9 de Montr\u00e9al, puis un doctorat en m\u00e9decine exp\u00e9rimentale \u00e0 l\u2019Universit\u00e9 McGill.&nbsp;<\/p>\n\n\n\n<p>Quand on lui a propos\u00e9 un poste de chercheur en biotechnologie, Andr\u00e9 a d\u00e9cid\u00e9 de quitter le milieu universitaire pour se lancer dans la recherche sur la maladie d\u2019Alzheimer. Toujours \u00e0 la recherche d\u2019un nouveau d\u00e9fi et souhaitant acqu\u00e9rir de l\u2019exp\u00e9rience dans divers domaines, Andr\u00e9 s\u2019est ensuite joint \u00e0 Merck. Quinze ans plus tard, le d\u00e9fi est relev\u00e9. En effet, il a travaill\u00e9 dans de nombreux champs th\u00e9rapeutiques o\u00f9 il a occup\u00e9 divers postes, entre autres aux services des Affaires m\u00e9dicales, de la Commercialisation et des Ventes. Andr\u00e9 est actuellement directeur ex\u00e9cutif, Oncologie. \u00c0 ce titre, il dirige une \u00e9quipe de professionnels chevronn\u00e9s qui se consacrent \u00e0 l\u2019am\u00e9lioration de la vie des Canadiens atteints d\u2019un cancer.&nbsp;<\/p>\n\n\n\n<p>Si Andr\u00e9 aime relever des d\u00e9fis dans sa vie professionnelle, il est aussi tr\u00e8s motiv\u00e9 dans sa vie personnelle. P\u00e8re de trois enfants, il est aussi passionn\u00e9 d\u2019\u00e9checs et de cyclisme. Apr\u00e8s avoir jou\u00e9 longtemps au baseball, il est maintenant coach pour la nouvelle g\u00e9n\u00e9ration de joueurs.<\/p>\n","protected":false},"excerpt":{"rendered":"<p>Profond\u00e9ment int\u00e9ress\u00e9 par la science et son potentiel de solutions pour aider les gens, Andr\u00e9&nbsp;Galarneau a choisi un parcours universitaire stimulant qui lui a permis d\u2019obtenir un baccalaur\u00e9at et une ma\u00eetrise en biochimie \u00e0 l\u2019Universit\u00e9 de Montr\u00e9al, puis un doctorat en m\u00e9decine exp\u00e9rimentale \u00e0 l\u2019Universit\u00e9 McGill.&nbsp; Quand on lui a propos\u00e9 un poste de chercheur [&hellip;]<\/p>\n","protected":false},"author":138,"featured_media":0,"parent":5961,"menu_order":0,"comment_status":"closed","ping_status":"closed","template":"","meta":{"_acf_changed":false,"bdl_company_name":[],"bdl_item_external_link":[],"editor_notices":[],"footnotes":""},"class_list":["post-6044","page","type-page","status-publish","hentry"],"yoast_head":"<!-- This site is optimized with the Yoast SEO plugin v21.9.1 - https:\/\/yoast.com\/wordpress\/plugins\/seo\/ -->\n<title>Andr\u00e9 Galarneau - MCC Canada French<\/title>\n<meta name=\"robots\" content=\"index, follow, max-snippet:-1, max-image-preview:large, max-video-preview:-1\" \/>\n<link rel=\"canonical\" href=\"https:\/\/www.merck.ca\/fr\/apercu-de-lentreprise\/equipe-de-direction\/andre-galarneau\/\" \/>\n<meta property=\"og:locale\" content=\"en_US\" \/>\n<meta property=\"og:type\" content=\"article\" \/>\n<meta property=\"og:title\" content=\"Andr\u00e9 Galarneau - MCC Canada French\" \/>\n<meta property=\"og:description\" content=\"Profond\u00e9ment int\u00e9ress\u00e9 par la science et son potentiel de solutions pour aider les gens, Andr\u00e9&nbsp;Galarneau a choisi un parcours universitaire stimulant qui lui a permis d\u2019obtenir un baccalaur\u00e9at et une ma\u00eetrise en biochimie \u00e0 l\u2019Universit\u00e9 de Montr\u00e9al, puis un doctorat en m\u00e9decine exp\u00e9rimentale \u00e0 l\u2019Universit\u00e9 McGill.&nbsp; Quand on lui a propos\u00e9 un poste de chercheur [&hellip;]\" \/>\n<meta property=\"og:url\" content=\"https:\/\/www.merck.ca\/fr\/apercu-de-lentreprise\/equipe-de-direction\/andre-galarneau\/\" \/>\n<meta property=\"og:site_name\" content=\"MCC Canada French\" \/>\n<meta property=\"article:modified_time\" content=\"2025-07-21T12:49:51+00:00\" \/>\n<meta name=\"twitter:card\" content=\"summary_large_image\" \/>\n<meta name=\"twitter:label1\" content=\"Est. reading time\" \/>\n\t<meta name=\"twitter:data1\" content=\"1 minute\" \/>\n<script type=\"application\/ld+json\" class=\"yoast-schema-graph\">{\"@context\":\"https:\/\/schema.org\",\"@graph\":[{\"@type\":\"WebPage\",\"@id\":\"https:\/\/www.merck.ca\/fr\/apercu-de-lentreprise\/equipe-de-direction\/andre-galarneau\/\",\"url\":\"https:\/\/www.merck.ca\/fr\/apercu-de-lentreprise\/equipe-de-direction\/andre-galarneau\/\",\"name\":\"Andr\u00e9 Galarneau - MCC Canada French\",\"isPartOf\":{\"@id\":\"https:\/\/www.merck.ca\/fr\/#website\"},\"datePublished\":\"2023-10-10T16:16:26+00:00\",\"dateModified\":\"2025-07-21T12:49:51+00:00\",\"breadcrumb\":{\"@id\":\"https:\/\/www.merck.ca\/fr\/apercu-de-lentreprise\/equipe-de-direction\/andre-galarneau\/#breadcrumb\"},\"inLanguage\":\"en-US\",\"potentialAction\":[{\"@type\":\"ReadAction\",\"target\":[\"https:\/\/www.merck.ca\/fr\/apercu-de-lentreprise\/equipe-de-direction\/andre-galarneau\/\"]}]},{\"@type\":\"BreadcrumbList\",\"@id\":\"https:\/\/www.merck.ca\/fr\/apercu-de-lentreprise\/equipe-de-direction\/andre-galarneau\/#breadcrumb\",\"itemListElement\":[{\"@type\":\"ListItem\",\"position\":1,\"name\":\"Aper\u00e7u de l\u2019entreprise\",\"item\":\"https:\/\/www.merck.ca\/fr\/apercu-de-lentreprise\/\"},{\"@type\":\"ListItem\",\"position\":2,\"name\":\"\u00c9quipe de direction\",\"item\":\"https:\/\/www.merck.ca\/fr\/apercu-de-lentreprise\/equipe-de-direction\/\"},{\"@type\":\"ListItem\",\"position\":3,\"name\":\"Andr\u00e9 Galarneau\"}]},{\"@type\":\"WebSite\",\"@id\":\"https:\/\/www.merck.ca\/fr\/#website\",\"url\":\"https:\/\/www.merck.ca\/fr\/\",\"name\":\"MCC Canada French\",\"description\":\"Merck.ca\",\"potentialAction\":[{\"@type\":\"SearchAction\",\"target\":{\"@type\":\"EntryPoint\",\"urlTemplate\":\"https:\/\/www.merck.ca\/fr\/?s={search_term_string}\"},\"query-input\":\"required name=search_term_string\"}],\"inLanguage\":\"en-US\"}]}<\/script>\n<!-- \/ Yoast SEO plugin. -->","yoast_head_json":{"title":"Andr\u00e9 Galarneau - MCC Canada French","robots":{"index":"index","follow":"follow","max-snippet":"max-snippet:-1","max-image-preview":"max-image-preview:large","max-video-preview":"max-video-preview:-1"},"canonical":"https:\/\/www.merck.ca\/fr\/apercu-de-lentreprise\/equipe-de-direction\/andre-galarneau\/","og_locale":"en_US","og_type":"article","og_title":"Andr\u00e9 Galarneau - MCC Canada French","og_description":"Profond\u00e9ment int\u00e9ress\u00e9 par la science et son potentiel de solutions pour aider les gens, Andr\u00e9&nbsp;Galarneau a choisi un parcours universitaire stimulant qui lui a permis d\u2019obtenir un baccalaur\u00e9at et une ma\u00eetrise en biochimie \u00e0 l\u2019Universit\u00e9 de Montr\u00e9al, puis un doctorat en m\u00e9decine exp\u00e9rimentale \u00e0 l\u2019Universit\u00e9 McGill.&nbsp; Quand on lui a propos\u00e9 un poste de chercheur [&hellip;]","og_url":"https:\/\/www.merck.ca\/fr\/apercu-de-lentreprise\/equipe-de-direction\/andre-galarneau\/","og_site_name":"MCC Canada French","article_modified_time":"2025-07-21T12:49:51+00:00","twitter_card":"summary_large_image","twitter_misc":{"Est. reading time":"1 minute"},"schema":{"@context":"https:\/\/schema.org","@graph":[{"@type":"WebPage","@id":"https:\/\/www.merck.ca\/fr\/apercu-de-lentreprise\/equipe-de-direction\/andre-galarneau\/","url":"https:\/\/www.merck.ca\/fr\/apercu-de-lentreprise\/equipe-de-direction\/andre-galarneau\/","name":"Andr\u00e9 Galarneau - MCC Canada French","isPartOf":{"@id":"https:\/\/www.merck.ca\/fr\/#website"},"datePublished":"2023-10-10T16:16:26+00:00","dateModified":"2025-07-21T12:49:51+00:00","breadcrumb":{"@id":"https:\/\/www.merck.ca\/fr\/apercu-de-lentreprise\/equipe-de-direction\/andre-galarneau\/#breadcrumb"},"inLanguage":"en-US","potentialAction":[{"@type":"ReadAction","target":["https:\/\/www.merck.ca\/fr\/apercu-de-lentreprise\/equipe-de-direction\/andre-galarneau\/"]}]},{"@type":"BreadcrumbList","@id":"https:\/\/www.merck.ca\/fr\/apercu-de-lentreprise\/equipe-de-direction\/andre-galarneau\/#breadcrumb","itemListElement":[{"@type":"ListItem","position":1,"name":"Aper\u00e7u de l\u2019entreprise","item":"https:\/\/www.merck.ca\/fr\/apercu-de-lentreprise\/"},{"@type":"ListItem","position":2,"name":"\u00c9quipe de direction","item":"https:\/\/www.merck.ca\/fr\/apercu-de-lentreprise\/equipe-de-direction\/"},{"@type":"ListItem","position":3,"name":"Andr\u00e9 Galarneau"}]},{"@type":"WebSite","@id":"https:\/\/www.merck.ca\/fr\/#website","url":"https:\/\/www.merck.ca\/fr\/","name":"MCC Canada French","description":"Merck.ca","potentialAction":[{"@type":"SearchAction","target":{"@type":"EntryPoint","urlTemplate":"https:\/\/www.merck.ca\/fr\/?s={search_term_string}"},"query-input":"required name=search_term_string"}],"inLanguage":"en-US"}]}},"acf":[],"_links":{"self":[{"href":"https:\/\/www.merck.ca\/fr\/wp-json\/wp\/v2\/pages\/6044","targetHints":{"allow":["GET"]}}],"collection":[{"href":"https:\/\/www.merck.ca\/fr\/wp-json\/wp\/v2\/pages"}],"about":[{"href":"https:\/\/www.merck.ca\/fr\/wp-json\/wp\/v2\/types\/page"}],"author":[{"embeddable":true,"href":"https:\/\/www.merck.ca\/fr\/wp-json\/wp\/v2\/users\/138"}],"replies":[{"embeddable":true,"href":"https:\/\/www.merck.ca\/fr\/wp-json\/wp\/v2\/comments?post=6044"}],"version-history":[{"count":10,"href":"https:\/\/www.merck.ca\/fr\/wp-json\/wp\/v2\/pages\/6044\/revisions"}],"predecessor-version":[{"id":7905,"href":"https:\/\/www.merck.ca\/fr\/wp-json\/wp\/v2\/pages\/6044\/revisions\/7905"}],"up":[{"embeddable":true,"href":"https:\/\/www.merck.ca\/fr\/wp-json\/wp\/v2\/pages\/5961"}],"wp:attachment":[{"href":"https:\/\/www.merck.ca\/fr\/wp-json\/wp\/v2\/media?parent=6044"}],"curies":[{"name":"wp","href":"https:\/\/api.w.org\/{rel}","templated":true}]}}